{"id":5612,"date":"2019-06-18T13:07:17","date_gmt":"2019-06-18T11:07:17","guid":{"rendered":"https:\/\/www.vskk.cz\/cz\/?page_id=5612"},"modified":"2019-10-01T10:54:33","modified_gmt":"2019-10-01T08:54:33","slug":"vskk-je-clenem-european-association-of-creative-writing-programmes","status":"publish","type":"page","link":"https:\/\/www.vskk.cz\/cz\/aktuality\/vskk-je-clenem-european-association-of-creative-writing-programmes\/","title":{"rendered":"V\u0160KK je \u010dlenem European Association of Creative Writing Programmes"},"content":{"rendered":"<p>\u010clenstv\u00ed \u0161kole umo\u017en\u00ed pod\u00edlet se na odborn\u00e9m v\u00fdvoji oboru, \u00fa\u010dastnit se na konferenc\u00ed zam\u011b\u0159en\u00fdch na r\u016fzn\u00e9 problematiky tv\u016fr\u010d\u00edho psan\u00ed a dal\u0161\u00edch akc\u00ed, v\u010detn\u011b \u0159ady workshop\u016f ur\u010den\u00fdch vyu\u010duj\u00edc\u00edm i student\u016fm \u0161koly.<\/p>\n<p><img decoding=\"async\" class=\"alignnone size-full wp-image-5614\" src=\"https:\/\/www.vskk.cz\/cz\/wp-content\/uploads\/sites\/2\/2019\/06\/cropped-300pp-EACWP-logo-200.png\" alt=\"\" width=\"250\" height=\"125\" srcset=\"https:\/\/www.vskk.cz\/cz\/wp-content\/uploads\/sites\/2\/2019\/06\/cropped-300pp-EACWP-logo-200.png 250w, https:\/\/www.vskk.cz\/cz\/wp-content\/uploads\/sites\/2\/2019\/06\/cropped-300pp-EACWP-logo-200-200x100.png 200w, https:\/\/www.vskk.cz\/cz\/wp-content\/uploads\/sites\/2\/2019\/06\/cropped-300pp-EACWP-logo-200-180x90.png 180w\" sizes=\"(max-width: 250px) 100vw, 250px\" \/><\/p>\n<p>&nbsp;<\/p>\n<p><strong>\u010clenov\u00e9: <\/strong><br \/>\nEACWP sdru\u017euje 29 institucion\u00e1ln\u00edch \u010dlen\u016f a p\u0159es 30 individu\u00e1ln\u00edch \u010dlen\u016f z&nbsp;15 st\u00e1t\u016f<\/p>\n<p><strong>Antwerp: <\/strong>Creatief Schrijve<strong><br \/>\nArnhem<\/strong>: ArtEZ Creative Writing<br \/>\n<strong>Barcelona:<\/strong> Escola d\u00b4escriptura, Universitat Pompeu Fabra<br \/>\n<strong>Beirut:<\/strong> Kitabat<br \/>\n<strong>Birmingham:<\/strong> Writing West Midlands<br \/>\n<strong>Buenos Aires:<\/strong> Casa de Letras<br \/>\n<strong>Cardiff:<\/strong> Cardiff University<br \/>\n<strong>Denmark:<\/strong> The South Gate Society<br \/>\n<strong>Jaffa:<\/strong> Sadnaot Habait<br \/>\n<strong>Jyv\u00e4skyl\u00e4:<\/strong> Jyv\u00e4skyl\u00e4 University<br \/>\n<strong>Kolding:<\/strong> University of Southdern Denmark<br \/>\n<strong>Lillehammer:<\/strong> Nansen Skolen<br \/>\n<strong>Lisboal:<\/strong> Escrever, escrever<br \/>\n<strong>London:<\/strong> The Open University, University of East London<br \/>\n<strong>Maastrich:<\/strong> Kingston University, Maastrich University<br \/>\n<strong>Madrid:<\/strong> Escuela de Escritores<br \/>\n<strong>Norwich:<\/strong> University of East Anglia<br \/>\n<strong>Orivesi: <\/strong>Ondokuz Mayis University, Oriveden Opisto<strong><br \/>\nParis: <\/strong>Aleph-\u00c9criture, Les ateliers d\u00b4\u00e9criture Elisabeth Bing<strong><br \/>\nPrague: <\/strong>Literarn\u00ed noviny Academy, Vysok\u00e1 \u0161kola kreativn\u00ed komunikace<strong><br \/>\nRome: <\/strong>Scuola Omero<strong><br \/>\nTorino: <\/strong>Scuola Holden<br \/>\n<strong>United Kingdom:<\/strong> NAWE<br \/>\n<strong>V\u00e4xj\u00f6:<\/strong> Linnaeus University<strong><br \/>\nVienna:<\/strong> Institut f\u00fcr Sprachkunst, Schule f\u00fcr dichtung<\/p>\n","protected":false},"excerpt":{"rendered":"<p>\u010clenstv\u00ed \u0161kole umo\u017en\u00ed pod\u00edlet se na odborn\u00e9m v\u00fdvoji oboru, \u00fa\u010dastnit&hellip;<\/p>\n","protected":false},"author":9,"featured_media":5615,"parent":53,"menu_order":0,"comment_status":"closed","ping_status":"closed","template":"news.php","meta":{"_acf_changed":false,"episode_type":"","audio_file":"","podmotor_file_id":"","podmotor_episode_id":"","cover_image":"","cover_image_id":"","duration":"","filesize":"","filesize_raw":"","date_recorded":"","explicit":"","block":"","itunes_episode_number":"","itunes_title":"","itunes_season_number":"","itunes_episode_type":"","footnotes":""},"class_list":["post-5612","page","type-page","status-publish","has-post-thumbnail","hentry"],"acf":[],"yoast_head":"<!-- This site is optimized with the Yoast SEO plugin v27.3 - https:\/\/yoast.com\/product\/yoast-seo-wordpress\/ -->\n<title>V\u0160KK - Vysok\u00e1 \u0161kola kreativn\u00ed komunikace<\/title>\n<meta name=\"description\" content=\"V\u0160KK - Vysok\u00e1 \u0161kola kreativn\u00ed komunikace - Jedna \u0161kola, stovky p\u0159\u00edle\u017eitost\u00ed. Soukrom\u00e1 vysok\u00e1 \u0161kola v Praze\" \/>\n<meta name=\"robots\" content=\"index, follow, max-snippet:-1, max-image-preview:large, max-video-preview:-1\" \/>\n<link rel=\"canonical\" href=\"https:\/\/www.vskk.cz\/cz\/aktuality\/vskk-je-clenem-european-association-of-creative-writing-programmes\/\" \/>\n<meta property=\"og:locale\" content=\"cs_CZ\" \/>\n<meta property=\"og:type\" content=\"article\" \/>\n<meta property=\"og:title\" content=\"V\u0160KK - Vysok\u00e1 \u0161kola kreativn\u00ed komunikace\" \/>\n<meta property=\"og:description\" content=\"V\u0160KK - Vysok\u00e1 \u0161kola kreativn\u00ed komunikace - Jedna \u0161kola, stovky p\u0159\u00edle\u017eitost\u00ed. Soukrom\u00e1 vysok\u00e1 \u0161kola v Praze\" \/>\n<meta property=\"og:url\" content=\"https:\/\/www.vskk.cz\/cz\/aktuality\/vskk-je-clenem-european-association-of-creative-writing-programmes\/\" \/>\n<meta property=\"og:site_name\" content=\"Vysok\u00e1 \u0161kola kreativn\u00ed komunikace\" \/>\n<meta property=\"article:modified_time\" content=\"2019-10-01T08:54:33+00:00\" \/>\n<meta property=\"og:image\" content=\"https:\/\/www.vskk.cz\/cz\/wp-content\/uploads\/sites\/2\/2019\/06\/programme.jpg\" \/>\n\t<meta property=\"og:image:width\" content=\"371\" \/>\n\t<meta property=\"og:image:height\" content=\"271\" \/>\n\t<meta property=\"og:image:type\" content=\"image\/jpeg\" \/>\n<meta name=\"twitter:card\" content=\"summary_large_image\" \/>\n<meta name=\"twitter:label1\" content=\"Odhadovan\u00e1 doba \u010dten\u00ed\" \/>\n\t<meta name=\"twitter:data1\" content=\"1 minuta\" \/>\n<script type=\"application\/ld+json\" class=\"yoast-schema-graph\">{\"@context\":\"https:\\\/\\\/schema.org\",\"@graph\":[{\"@type\":\"WebPage\",\"@id\":\"https:\\\/\\\/www.vskk.cz\\\/cz\\\/aktuality\\\/vskk-je-clenem-european-association-of-creative-writing-programmes\\\/\",\"url\":\"https:\\\/\\\/www.vskk.cz\\\/cz\\\/aktuality\\\/vskk-je-clenem-european-association-of-creative-writing-programmes\\\/\",\"name\":\"V\u0160KK - Vysok\u00e1 \u0161kola kreativn\u00ed komunikace\",\"isPartOf\":{\"@id\":\"https:\\\/\\\/www.vskk.cz\\\/cz\\\/#website\"},\"primaryImageOfPage\":{\"@id\":\"https:\\\/\\\/www.vskk.cz\\\/cz\\\/aktuality\\\/vskk-je-clenem-european-association-of-creative-writing-programmes\\\/#primaryimage\"},\"image\":{\"@id\":\"https:\\\/\\\/www.vskk.cz\\\/cz\\\/aktuality\\\/vskk-je-clenem-european-association-of-creative-writing-programmes\\\/#primaryimage\"},\"thumbnailUrl\":\"https:\\\/\\\/www.vskk.cz\\\/cz\\\/wp-content\\\/uploads\\\/sites\\\/2\\\/2019\\\/06\\\/programme.jpg\",\"datePublished\":\"2019-06-18T11:07:17+00:00\",\"dateModified\":\"2019-10-01T08:54:33+00:00\",\"description\":\"V\u0160KK - Vysok\u00e1 \u0161kola kreativn\u00ed komunikace - Jedna \u0161kola, stovky p\u0159\u00edle\u017eitost\u00ed. Soukrom\u00e1 vysok\u00e1 \u0161kola v Praze\",\"breadcrumb\":{\"@id\":\"https:\\\/\\\/www.vskk.cz\\\/cz\\\/aktuality\\\/vskk-je-clenem-european-association-of-creative-writing-programmes\\\/#breadcrumb\"},\"inLanguage\":\"cs\",\"potentialAction\":[{\"@type\":\"ReadAction\",\"target\":[\"https:\\\/\\\/www.vskk.cz\\\/cz\\\/aktuality\\\/vskk-je-clenem-european-association-of-creative-writing-programmes\\\/\"]}]},{\"@type\":\"ImageObject\",\"inLanguage\":\"cs\",\"@id\":\"https:\\\/\\\/www.vskk.cz\\\/cz\\\/aktuality\\\/vskk-je-clenem-european-association-of-creative-writing-programmes\\\/#primaryimage\",\"url\":\"https:\\\/\\\/www.vskk.cz\\\/cz\\\/wp-content\\\/uploads\\\/sites\\\/2\\\/2019\\\/06\\\/programme.jpg\",\"contentUrl\":\"https:\\\/\\\/www.vskk.cz\\\/cz\\\/wp-content\\\/uploads\\\/sites\\\/2\\\/2019\\\/06\\\/programme.jpg\",\"width\":371,\"height\":271},{\"@type\":\"BreadcrumbList\",\"@id\":\"https:\\\/\\\/www.vskk.cz\\\/cz\\\/aktuality\\\/vskk-je-clenem-european-association-of-creative-writing-programmes\\\/#breadcrumb\",\"itemListElement\":[{\"@type\":\"ListItem\",\"position\":1,\"name\":\"Dom\u016f\",\"item\":\"https:\\\/\\\/www.vskk.cz\\\/cz\\\/\"},{\"@type\":\"ListItem\",\"position\":2,\"name\":\"Aktuality\",\"item\":\"https:\\\/\\\/www.vskk.cz\\\/cz\\\/aktuality\\\/\"},{\"@type\":\"ListItem\",\"position\":3,\"name\":\"V\u0160KK je \u010dlenem European Association of Creative Writing Programmes\"}]},{\"@type\":\"WebSite\",\"@id\":\"https:\\\/\\\/www.vskk.cz\\\/cz\\\/#website\",\"url\":\"https:\\\/\\\/www.vskk.cz\\\/cz\\\/\",\"name\":\"Vysok\u00e1 \u0161kola kreativn\u00ed komunikace\",\"description\":\"\",\"potentialAction\":[{\"@type\":\"SearchAction\",\"target\":{\"@type\":\"EntryPoint\",\"urlTemplate\":\"https:\\\/\\\/www.vskk.cz\\\/cz\\\/?s={search_term_string}\"},\"query-input\":{\"@type\":\"PropertyValueSpecification\",\"valueRequired\":true,\"valueName\":\"search_term_string\"}}],\"inLanguage\":\"cs\"}]}<\/script>\n<!-- \/ Yoast SEO plugin. -->","yoast_head_json":{"title":"V\u0160KK - Vysok\u00e1 \u0161kola kreativn\u00ed komunikace","description":"V\u0160KK - Vysok\u00e1 \u0161kola kreativn\u00ed komunikace - Jedna \u0161kola, stovky p\u0159\u00edle\u017eitost\u00ed. Soukrom\u00e1 vysok\u00e1 \u0161kola v Praze","robots":{"index":"index","follow":"follow","max-snippet":"max-snippet:-1","max-image-preview":"max-image-preview:large","max-video-preview":"max-video-preview:-1"},"canonical":"https:\/\/www.vskk.cz\/cz\/aktuality\/vskk-je-clenem-european-association-of-creative-writing-programmes\/","og_locale":"cs_CZ","og_type":"article","og_title":"V\u0160KK - Vysok\u00e1 \u0161kola kreativn\u00ed komunikace","og_description":"V\u0160KK - Vysok\u00e1 \u0161kola kreativn\u00ed komunikace - Jedna \u0161kola, stovky p\u0159\u00edle\u017eitost\u00ed. Soukrom\u00e1 vysok\u00e1 \u0161kola v Praze","og_url":"https:\/\/www.vskk.cz\/cz\/aktuality\/vskk-je-clenem-european-association-of-creative-writing-programmes\/","og_site_name":"Vysok\u00e1 \u0161kola kreativn\u00ed komunikace","article_modified_time":"2019-10-01T08:54:33+00:00","og_image":[{"width":371,"height":271,"url":"https:\/\/www.vskk.cz\/cz\/wp-content\/uploads\/sites\/2\/2019\/06\/programme.jpg","type":"image\/jpeg"}],"twitter_card":"summary_large_image","twitter_misc":{"Odhadovan\u00e1 doba \u010dten\u00ed":"1 minuta"},"schema":{"@context":"https:\/\/schema.org","@graph":[{"@type":"WebPage","@id":"https:\/\/www.vskk.cz\/cz\/aktuality\/vskk-je-clenem-european-association-of-creative-writing-programmes\/","url":"https:\/\/www.vskk.cz\/cz\/aktuality\/vskk-je-clenem-european-association-of-creative-writing-programmes\/","name":"V\u0160KK - Vysok\u00e1 \u0161kola kreativn\u00ed komunikace","isPartOf":{"@id":"https:\/\/www.vskk.cz\/cz\/#website"},"primaryImageOfPage":{"@id":"https:\/\/www.vskk.cz\/cz\/aktuality\/vskk-je-clenem-european-association-of-creative-writing-programmes\/#primaryimage"},"image":{"@id":"https:\/\/www.vskk.cz\/cz\/aktuality\/vskk-je-clenem-european-association-of-creative-writing-programmes\/#primaryimage"},"thumbnailUrl":"https:\/\/www.vskk.cz\/cz\/wp-content\/uploads\/sites\/2\/2019\/06\/programme.jpg","datePublished":"2019-06-18T11:07:17+00:00","dateModified":"2019-10-01T08:54:33+00:00","description":"V\u0160KK - Vysok\u00e1 \u0161kola kreativn\u00ed komunikace - Jedna \u0161kola, stovky p\u0159\u00edle\u017eitost\u00ed. Soukrom\u00e1 vysok\u00e1 \u0161kola v Praze","breadcrumb":{"@id":"https:\/\/www.vskk.cz\/cz\/aktuality\/vskk-je-clenem-european-association-of-creative-writing-programmes\/#breadcrumb"},"inLanguage":"cs","potentialAction":[{"@type":"ReadAction","target":["https:\/\/www.vskk.cz\/cz\/aktuality\/vskk-je-clenem-european-association-of-creative-writing-programmes\/"]}]},{"@type":"ImageObject","inLanguage":"cs","@id":"https:\/\/www.vskk.cz\/cz\/aktuality\/vskk-je-clenem-european-association-of-creative-writing-programmes\/#primaryimage","url":"https:\/\/www.vskk.cz\/cz\/wp-content\/uploads\/sites\/2\/2019\/06\/programme.jpg","contentUrl":"https:\/\/www.vskk.cz\/cz\/wp-content\/uploads\/sites\/2\/2019\/06\/programme.jpg","width":371,"height":271},{"@type":"BreadcrumbList","@id":"https:\/\/www.vskk.cz\/cz\/aktuality\/vskk-je-clenem-european-association-of-creative-writing-programmes\/#breadcrumb","itemListElement":[{"@type":"ListItem","position":1,"name":"Dom\u016f","item":"https:\/\/www.vskk.cz\/cz\/"},{"@type":"ListItem","position":2,"name":"Aktuality","item":"https:\/\/www.vskk.cz\/cz\/aktuality\/"},{"@type":"ListItem","position":3,"name":"V\u0160KK je \u010dlenem European Association of Creative Writing Programmes"}]},{"@type":"WebSite","@id":"https:\/\/www.vskk.cz\/cz\/#website","url":"https:\/\/www.vskk.cz\/cz\/","name":"Vysok\u00e1 \u0161kola kreativn\u00ed komunikace","description":"","potentialAction":[{"@type":"SearchAction","target":{"@type":"EntryPoint","urlTemplate":"https:\/\/www.vskk.cz\/cz\/?s={search_term_string}"},"query-input":{"@type":"PropertyValueSpecification","valueRequired":true,"valueName":"search_term_string"}}],"inLanguage":"cs"}]}},"_links":{"self":[{"href":"https:\/\/www.vskk.cz\/cz\/wp-json\/wp\/v2\/pages\/5612","targetHints":{"allow":["GET"]}}],"collection":[{"href":"https:\/\/www.vskk.cz\/cz\/wp-json\/wp\/v2\/pages"}],"about":[{"href":"https:\/\/www.vskk.cz\/cz\/wp-json\/wp\/v2\/types\/page"}],"author":[{"embeddable":true,"href":"https:\/\/www.vskk.cz\/cz\/wp-json\/wp\/v2\/users\/9"}],"replies":[{"embeddable":true,"href":"https:\/\/www.vskk.cz\/cz\/wp-json\/wp\/v2\/comments?post=5612"}],"version-history":[{"count":4,"href":"https:\/\/www.vskk.cz\/cz\/wp-json\/wp\/v2\/pages\/5612\/revisions"}],"predecessor-version":[{"id":5910,"href":"https:\/\/www.vskk.cz\/cz\/wp-json\/wp\/v2\/pages\/5612\/revisions\/5910"}],"up":[{"embeddable":true,"href":"https:\/\/www.vskk.cz\/cz\/wp-json\/wp\/v2\/pages\/53"}],"wp:featuredmedia":[{"embeddable":true,"href":"https:\/\/www.vskk.cz\/cz\/wp-json\/wp\/v2\/media\/5615"}],"wp:attachment":[{"href":"https:\/\/www.vskk.cz\/cz\/wp-json\/wp\/v2\/media?parent=5612"}],"curies":[{"name":"wp","href":"https:\/\/api.w.org\/{rel}","templated":true}]}}