{"id":20337,"date":"2026-04-28T12:15:08","date_gmt":"2026-04-28T10:15:08","guid":{"rendered":"https:\/\/www.vskk.cz\/cz\/?page_id=20337"},"modified":"2026-04-28T12:15:08","modified_gmt":"2026-04-28T10:15:08","slug":"katerina-herodesova-na-nove-jsem-vyrostla-kena-mi-otevrela-oci","status":"publish","type":"page","link":"https:\/\/www.vskk.cz\/cz\/aktuality\/katerina-herodesova-na-nove-jsem-vyrostla-kena-mi-otevrela-oci\/","title":{"rendered":"Kate\u0159ina Herodesov\u00e1: Na Nov\u011b jsem vyrostla, Ke\u0148a mi otev\u0159ela o\u010di"},"content":{"rendered":"<p>Na V\u0160KK absolvovala bakal\u00e1\u0159sk\u00e9 studium liter\u00e1rn\u00ed tvorby. Dnes pracuje v&nbsp;jedn\u00e9 z&nbsp;nejsledovan\u011bj\u0161\u00edch zpravodajsk\u00fdch redakc\u00ed v&nbsp;\u010cesku, TN.cz. Z\u00e1rove\u0148 se v\u011bnuje dobrovolnictv\u00ed v&nbsp;Keni, kde pom\u00e1h\u00e1 s&nbsp;aktivitami neziskov\u00e9 organizace Projekt Rael. \u201eKa\u017ed\u00fd m\u016f\u017ee ud\u011blat sv\u011bt lep\u0161\u00edm, jen se pro to mus\u00ed rozhodnout,\u201c \u0159\u00edk\u00e1 Kate\u0159ina Herodesov\u00e1.<\/p>\n<p><strong>Odpov\u011bdnost, adrenalin a endorfiny<\/strong><br \/>\n<strong>Jak ses dostala k&nbsp;sou\u010dasn\u00e9 pr\u00e1ci na Nov\u011b, do redakce <a href=\"https:\/\/tn.nova.cz\/\">TN.cz<\/a>?<br \/>\n<\/strong><br \/>\nP\u0159ijde mi to u\u017e d\u00e1vno, ale dodnes si pamatuju, jak mi zavolala pan\u00ed z&nbsp;HR a pozvala m\u011b na pohovor. Ta cesta ale za\u010dala nev\u011bdomky mnohem d\u0159\u00edv. V&nbsp;podstat\u011b jsem na Nov\u011b vyrostla. U n\u00e1s doma v\u017edy b\u011b\u017eely Televizn\u00ed noviny nebo Sn\u00eddan\u011b s&nbsp;Novou, a tak pro m\u011b p\u0159i hled\u00e1n\u00ed pr\u00e1ce byla Nova jasnou volbou. Poslala jsem \u017eivotopis, pro\u0161la pohovorem i st\u00e1\u017e\u00ed, kter\u00e1 m\u011b utvrdila v&nbsp;tom, \u017ee chci pracovat pr\u00e1v\u011b na TN.cz. Vy\u0161lo to a j\u00e1 nelituju.<\/p>\n<p><strong>Co t\u011b na pr\u00e1ci pro TN.cz nejv\u00edc napl\u0148uje?<\/strong><br \/>\nU\u017e jako mal\u00e1 jsem r\u00e1da psala \u2013 od \u010dasopisu na prvn\u00edm stupni z\u00e1kladky p\u0159es blogy a\u017e po prvn\u00ed zku\u0161enosti v&nbsp;redakc\u00edch. Psan\u00ed je ur\u010dit\u011b jednou z&nbsp;v\u011bc\u00ed, kter\u00e9 m\u011b na TN.cz napl\u0148uj\u00ed nejv\u00edce. Bav\u00ed m\u011b pestrost \u010dl\u00e1nk\u016f, \u0161irok\u00fd z\u00e1b\u011br t\u00e9mat a to, \u017ee jsem d\u00edky tomu st\u00e1le v&nbsp;obraze a v\u00edm, co se d\u011bje na dom\u00e1c\u00ed i zahrani\u010dn\u00ed sc\u00e9n\u011b. A to nemluv\u00edm jen o politice, kter\u00e1 v\u017edy byla m\u00fdm obl\u00edben\u00fdm t\u00e9matem. Ka\u017ed\u00fd den je podobn\u00fd, a p\u0159itom jin\u00fd. V&nbsp;neposledn\u00ed \u0159ad\u011b jsou to ale tak\u00e9 kolegov\u00e9. M\u00e1me super partu, na kterou ned\u00e1m dopustit. Neboj\u00edm se \u0159\u00edct, \u017ee jsem tu na\u0161la ty spr\u00e1vn\u00e9 lidi na cel\u00fd \u017eivot.<\/p>\n<p><strong>\u0158\u00edk\u00e1\u0161, \u017ee ka\u017ed\u00fd den je podobn\u00fd, a p\u0159itom jin\u00fd. Jak to mysl\u00ed\u0161?<\/strong><br \/>\nN\u00e1pln\u00ed m\u00e9 pr\u00e1ce je psan\u00ed a editov\u00e1n\u00ed \u010dl\u00e1nk\u016f. \u010clov\u011bk ve zpravodajstv\u00ed ale nikdy nev\u00ed, co mu nov\u00fd den p\u0159inese. S&nbsp;kolegyn\u00ed jsme ned\u00e1vno m\u011bly spole\u010dn\u00fd pracovn\u00ed v\u00edkend a \u0159\u00edkaly jsme si, \u017ee bude klid. A bum \u2013 za\u010dala v\u00e1lka v&nbsp;\u00cdr\u00e1nu. Psaly jsme jeden \u010dl\u00e1nek za druh\u00fdm a ke klidn\u00e9mu v\u00edkendu to m\u011blo daleko. Pr\u00e1v\u011b tenhle adrenalin p\u0159i velk\u00fdch ud\u00e1lostech je ale to, co na tom m\u00e1m ze v\u0161eho nejrad\u0161i. Kdy\u017e \u010dlov\u011bk zji\u0161\u0165uje a ov\u011b\u0159uje informace a p\u0159ed\u00e1v\u00e1 je cel\u00e9mu sv\u011btu. Je to obrovsk\u00e1 zodpov\u011bdnost a k&nbsp;cel\u00e9 t\u00e9 pr\u00e1ci p\u0159istupuju s&nbsp;obrovsk\u00fdm respektem a pokorou, ale z\u00e1rove\u0148 je to p\u0159esn\u011b ten d\u016fvod, pro\u010d m\u011b to tak napl\u0148uje.<\/p>\n<p><strong>V na\u0161em <a href=\"https:\/\/www.vskk.cz\/cz\/aktuality\/absolventi-bca-katerina-herodesova\/\">d\u0159\u00edv\u011bj\u0161\u00edm rozhovoru<\/a> jsi \u0159\u00edkala, \u017ee je pro tebe obrovskou v\u00fdzvou ka\u017ed\u00fd den. M\u00e1\u0161 to <\/strong><strong>st\u00e1le tak? Co pro tebe bylo nebo st\u00e1le je v&nbsp;pr\u00e1ci nejt\u011b\u017e\u0161\u00ed?<\/strong><br \/>\nM\u00e1m pocit, \u017ee jsem se za ty roky posunula. Nem\u016f\u017eu hodnotit, jestli i v\u00fdkonnostn\u011b, ale sp\u00ed\u0161 sama v&nbsp;sob\u011b. Dny, kdy se d\u011bje n\u011bjak\u00e1 ob\u0159\u00ed ud\u00e1lost, jsou v\u017edy v\u00fdzvou \u2013 \u010dlov\u011bk mus\u00ed zvl\u00e1dnout stres, zachovat chladnou hlavu a spr\u00e1vn\u011b vyhodnocovat informace. N\u00e1ro\u010dn\u00e9 ale ob\u010das b\u00fdvaj\u00ed i oby\u010dejn\u00e9 dny, ne v\u017edy vstane \u010dlov\u011bk pravou nohou. Ale jak se \u0159\u00edk\u00e1 \u2013 cvi\u010den\u00ed d\u011bl\u00e1 mistra. Je to stres, kter\u00fd mi ale vh\u00e1n\u00ed do t\u011bla hromadu endorfin\u016f.<\/p>\n<p><strong>Zv\u00eddavost, odhodlanost a pr\u00e1ce s&nbsp;kritikou<br \/>\n<\/strong><br \/>\n<strong>Jak jsi na tom s&nbsp;odolnost\u00ed v\u016f\u010di tlaku (nap\u0159. \u010dasov\u00e9mu) a kritice, kter\u00e9 jsou v&nbsp;m\u00e9di\u00edch pom\u011brn\u011b <\/strong><strong>b\u011b\u017en\u00e9?<\/strong><br \/>\nTlaku a kritice se \u010dlov\u011bk ve ve\u0159ejn\u00e9m prostoru nevyhne. Relevantn\u00ed zp\u011btnou vazbu si beru, ale z&nbsp;anonymn\u00edch ur\u00e1\u017eek si t\u011b\u017ekou hlavu ned\u011bl\u00e1m. Na Nov\u011b jsme ned\u00e1vno spustili skv\u011blou kampa\u0148 <a href=\"https:\/\/tv.nova.cz\/hejt\">Hejt nen\u00ed n\u00e1zor<\/a>, kter\u00e1 p\u0159esn\u011b o tomto pojedn\u00e1v\u00e1. Ale p\u0159izn\u00e1v\u00e1m, \u017ee p\u00e1r zpr\u00e1v mi v&nbsp;hlav\u011b z\u016fstalo dodnes. Co se t\u00fdk\u00e1 \u010dasov\u00e9ho tlaku, ob\u010das je to velk\u00fd stres, ale \u010dasto i docela z\u00e1bava. Nau\u010dila jsem se ps\u00e1t \u010dl\u00e1nky pom\u011brn\u011b rychle a mnohdy tak sout\u011b\u017e\u00edm sama se sebou (sm\u011bje se), ale i u m\u011b ob\u010das samoz\u0159ejm\u011b zapracuje nervozita. To je ale podle m\u011b norm\u00e1ln\u00ed.<\/p>\n<p><strong>Pro tvou pr\u00e1ci je d\u016fle\u017eit\u00e9 b\u00fdt v&nbsp;obraze. Zm\u011bnil se tv\u016fj vztah k&nbsp;informac\u00edm, m\u00e9di\u00edm, soci\u00e1ln\u00edm <\/strong><strong>s\u00edt\u00edm pot\u00e9, co ses ocitla \u201ena druh\u00e9 stran\u011b\u201c, v&nbsp;redakci?<\/strong><br \/>\nUr\u010dit\u011b. Te\u010f vid\u00edm, kolik pr\u00e1ce za ka\u017edou zpr\u00e1vou stoj\u00ed. Redaktor mus\u00ed informace nejen ov\u011b\u0159it, ale tak\u00e9 je podat srozumiteln\u011b a p\u0159in\u00e9st n\u011bco nov\u00e9ho \u2013 co\u017e je v&nbsp;dob\u011b AI mnohdy docela v\u00fdzva. M\u00e9dia jsou zkr\u00e1tka prost\u0159edn\u00edkem mezi odborn\u00edky a \u0161irokou ve\u0159ejnost\u00ed. To je na\u0161e novin\u00e1\u0159sk\u00e1 povinnost.<\/p>\n<p><strong>Je na Nov\u011b prostor pro mladou generaci, pro lidi, kte\u0159\u00ed je\u0161t\u011b nemaj\u00ed tolik pracovn\u00edch zku\u0161enost\u00ed \u2013 t\u0159eba p\u0159\u00edmo pro studenty V\u0160KK? Co by z\u00e1jemci o takovou pr\u00e1ci nem\u011bli postr\u00e1dat?<\/strong><br \/>\nRozhodn\u011b ano! Na \u010derven nap\u0159\u00edklad pl\u00e1nujeme Nova News Academy, kde si studenti mohou vyzkou\u0161et pr\u00e1ci redaktor\u016f a report\u00e9r\u016f. Mysl\u00edm, \u017ee to bude skv\u011bl\u00e1 zku\u0161enost pro v\u0161echny, kte\u0159\u00ed se cht\u011bj\u00ed st\u00e1t novin\u00e1\u0159i. Nab\u00edz\u00edme i studentsk\u00e9 st\u00e1\u017ee. Mo\u017enost\u00ed je spousta a sta\u010d\u00ed n\u00e1m napsat. \u0158ekla bych, \u017ee \u010dlov\u011bk, kter\u00fd m\u00e1 o takovou pr\u00e1ci z\u00e1jem, by ur\u010dit\u011b m\u011bl b\u00fdt hlavn\u011b zv\u00eddav\u00fd a odhodlan\u00fd. V\u0161echno ostatn\u00ed se d\u00e1 nau\u010dit. A kdy\u017e se to nepovede, alespo\u0148 to zkusil.<\/p>\n<p><strong>I mal\u00e1 pomoc m\u011bn\u00ed \u017eivoty<\/strong><\/p>\n<p><strong>D\u016fle\u017eitou sou\u010d\u00e1st\u00ed tv\u00e9ho \u017eivota je i dobrovolnictv\u00ed. U\u017e jako mal\u00e1 jsi p\u0159emlouvala mamku, aby ti <\/strong><strong>adoptovala sourozence z&nbsp;Afriky. Nakonec sis takovou p\u0159\u00edle\u017eitost na\u0161la sama, kdy\u017e ses <\/strong><strong>propojila s&nbsp;neziskovou organizac\u00ed <a href=\"https:\/\/projektrael.cz\/\">Projekt Rael<\/a>, kter\u00e1 pom\u00e1h\u00e1 v&nbsp;Keni. Pro\u010d ses rozhodla pod\u00edlet <\/strong><strong>pr\u00e1v\u011b na jej\u00edch projektech a za\u010dala s&nbsp;podporov\u00e1n\u00edm Emstona?<\/strong><br \/>\nZpo\u010d\u00e1tku to bylo vlastn\u011b n\u00e1hodou. O Projektu Rael jsem se doslechla p\u0159es tetinu kamar\u00e1dku a kontaktovala je. Nejprve jsem za\u010dala s&nbsp;podporou Em\u010di, jak u\u017e Emstonovi \u0159\u00edk\u00e1m, d\u00edky kter\u00e9 za\u010dal chodit do \u0161koly. V&nbsp;roce 2022 jsem se pak do Keni s&nbsp;touto neziskovkou vydala a v&nbsp;roce 2023 se ofici\u00e1ln\u011b p\u0159idala i do t\u00fdmu. Ani\u017e bych to p\u016fvodn\u011b pl\u00e1novala, stala se z&nbsp;toho ka\u017edodenn\u00ed sou\u010d\u00e1st m\u00e9ho \u017eivota.<br \/>\n<strong><br \/>\nOd roku 2022 tak ka\u017ed\u00fd rok v&nbsp;lednu jezd\u00ed\u0161 do Keni i osobn\u011b. Jak vzpom\u00edn\u00e1\u0161 na svou prvn\u00ed <\/strong><strong>cestu a na setk\u00e1n\u00ed s&nbsp;Em\u010dou a dal\u0161\u00edmi m\u00edstn\u00edmi lidmi?<\/strong><br \/>\nM\u011bla jsem hrozn\u00fd strach a spoustu p\u0159edsudk\u016f. B\u00e1la jsem se nekomfortu, pavouk\u016f\u2026 A to v\u0161echno tam fakt bylo. Z\u00e1rove\u0148 jsem tam ale potkala skv\u011bl\u00e9 lidi se srdcem na dlani. Nemaj\u00ed toho mnoho, ale pro ostatn\u00ed by se rozdali. Tamn\u00ed d\u011bti \u010dasto nem\u011bly ani boty, p\u0159esto jim k&nbsp;\u00fasm\u011bvu sta\u010dilo m\u00e1lo. V\u010detn\u011b Em\u010di, kter\u00fd byl zpo\u010d\u00e1tku hodn\u011b rozpa\u010dit\u00fd a stejn\u011b tak i j\u00e1. Byl to \u00fapln\u011b jin\u00fd sv\u011bt. Sv\u011bt, kter\u00fd m\u011b pohltil svou otev\u0159enost\u00ed a skromnost\u00ed. Uv\u011bdomila jsem si spoustu v\u011bc\u00ed a hromadu sv\u00fdch probl\u00e9m\u016f p\u0159estala br\u00e1t tak v\u00e1\u017en\u011b. Mysl\u00edm, \u017ee mi to hodn\u011b otev\u0159elo o\u010di.<\/p>\n<p><strong>Co t\u011b Ke\u0148a nau\u010dila?<\/strong><br \/>\nNau\u010dila m\u011b trp\u011blivosti, skromnosti a schopnosti vid\u011bt radost i v&nbsp;mali\u010dkostech. A \u017ee ka\u017ed\u00fd m\u016f\u017ee ud\u011blat sv\u011bt lep\u0161\u00edm, jen se pro to mus\u00ed rozhodnout. Jasn\u011b, nikdy nedok\u00e1\u017eete zachr\u00e1nit cel\u00fd sv\u011bt, nikdy nepom\u016f\u017eete v\u0161em d\u011btem v&nbsp;cel\u00e9 Africe. Ale i ta jedna mal\u00e1 pomoc m\u016f\u017ee Em\u010dovi zm\u011bnit cel\u00fd \u017eivot. A to m\u00e1 za m\u011b nem\u011b\u0159itelnou hodnotu.<\/p>\n<p><strong>Kdybych se sna\u017eila vyjmenovat, co v\u0161echno jste s&nbsp;Projektem Rael zvl\u00e1dli a vybudovali, byl by to pestr\u00fd seznam. M\u016f\u017ee\u0161 aspo\u0148 ve zkratce p\u0159ibl\u00ed\u017eit, jak se t\u0159eba ty konkr\u00e9tn\u011b anga\u017euje\u0161?<br \/>\n<\/strong>Star\u00e1m se hlavn\u011b o soci\u00e1ln\u00ed s\u00edt\u011b a pr\u00e1ci s&nbsp;textem \u2013 web, newslettery nebo obecnou komunikaci se sponzory. N\u00e1\u0161 t\u00fdm je ale pom\u011brn\u011b mal\u00fd, a tak v\u0161ichni \u0159e\u0161\u00edme v\u0161echno. A\u0165 u\u017e je to tr\u00e9nov\u00e1n\u00ed na\u0161eho tane\u010dn\u00edho t\u00fdmu p\u0159\u00edmo na m\u00edst\u011b nebo veden\u00ed dobrovolnick\u00e9 v\u00fdpravy, tak \u0159e\u0161en\u00ed m\u00e9n\u011b p\u0159\u00edjemn\u00fdch v\u011bc\u00ed \u2013 t\u0159eba kdy\u017e m\u00e1me ve zdravotn\u00ed ordinaci velk\u00e9 mno\u017estv\u00ed d\u011bt\u00ed s&nbsp;mal\u00e1ri\u00ed a pot\u0159ebujeme nakoupit dal\u0161\u00ed antimalarika. Co se pak t\u00fdk\u00e1 pr\u00e1ce na m\u00edst\u011b, tak ta b\u00fdv\u00e1 r\u016fznorod\u00e1. V&nbsp;lednu nap\u0159\u00edklad moje skupina dobrovoln\u00edk\u016f stav\u011bla d\u00edlnu pro st\u0159edo\u0161kol\u00e1ky, kde se u\u010d\u00ed praktick\u00e9 dovednosti, jindy jsme t\u0159eba stav\u011bli okapy, aby m\u00edstn\u00ed mohli vyu\u017e\u00edvat de\u0161\u0165ovou vodu, nebo jsme pro d\u011bti po\u0159\u00e1dali sportovn\u00ed den. V\u017edy tak\u00e9 nav\u0161t\u011bvujeme d\u011bti z&nbsp;na\u0161eho Programu na podporu sirotk\u016f a d\u011bt\u00ed z&nbsp;nejchud\u0161\u00edch rodin, abychom v\u011bd\u011bli, jak se jim da\u0159\u00ed.<\/p>\n<p><strong>Jak m\u016f\u017ee \u010dlov\u011bk pomoct? Jak\u00e9 jsou formy podpory a jak\u00e1 pomoc je nejv\u00edc v\u00edtan\u00e1?<\/strong><br \/>\nNa to je jednoduch\u00e1 odpov\u011b\u010f \u2013 jak\u00e1koliv forma pomoci je v\u00edtan\u00e1. Velmi pot\u0159ebn\u00e1 je samoz\u0159ejm\u011b finan\u010dn\u00ed pomoc, a to jak konkr\u00e9tn\u00edho d\u00edt\u011bte, trvale jakoukoliv \u010d\u00e1stkou na rozvoj projektu, nebo t\u0159eba pomoc na konkr\u00e9tn\u00ed \u010dinnost. Mo\u017enosti jsou ale i jin\u00e9. Aktu\u00e1ln\u011b nap\u0159\u00edklad sh\u00e1n\u00edme m\u00edsto, kde bychom mohli uchov\u00e1vat v\u011bci, kter\u00e9 pl\u00e1nujeme do Keni postupn\u011b odv\u00e9st, \u010das od \u010dasu tak\u00e9 hled\u00e1me prostory pro prezentace a p\u0159edn\u00e1\u0161ky. Pom\u00e1h\u00e1 i to, kdy\u017e o n\u00e1s lid\u00e9 mluv\u00ed a \u0161\u00ed\u0159\u00ed pov\u011bdom\u00ed. Pr\u00e1v\u011b d\u00edky lidem, kte\u0159\u00ed n\u00e1s jak\u00fdmkoliv zp\u016fsobem podporuj\u00ed, se m\u016f\u017ee projekt d\u00e1l rozv\u00edjet.<\/p>\n<p><strong>Ve t\u0159ech letech jsi za\u010dala s&nbsp;tancov\u00e1n\u00edm a roky jsi tancovala za tane\u010dn\u00ed skupinu A.dance Company. Pozd\u011bji jsi p\u016fsobila jako tren\u00e9rka d\u011bt\u00ed. Zavedla jsi i hodiny tance v&nbsp;Keni. V\u011bnuje\u0161 se tanci i nad\u00e1le?<\/strong> V\u011bnuju, ale bohu\u017eel u\u017e jen pom\u011brn\u011b omezen\u011b. St\u00e1le p\u016fsob\u00edm jako tane\u010dn\u00ed lektorka a ob\u010das si i sama zajdu na lekci, ale u\u017e toho nest\u00edh\u00e1m tolik, co d\u0159\u00edv. U tancov\u00e1n\u00ed ale st\u00e1le z\u016fst\u00e1v\u00e1m i tak, i kdy\u017e ob\u010das jin\u00fdm zp\u016fsobem ne\u017e d\u0159\u00edv. Vloni jsem nap\u0159\u00edklad moderovala z\u00e1v\u011bre\u010dnou tane\u010dn\u00ed akademii a \u010dek\u00e1 m\u011b to i letos.<\/p>\n<p><strong>Kdy\u017e se pod\u00edv\u00e1\u0161 na svou cestu od studia po sou\u010dasnost \u2013 co t\u011b nejv\u00edc p\u0159ekvapilo nebo <\/strong><strong>formovalo?<\/strong><br \/>\nNejv\u00edc m\u011b p\u0159ekvapilo, jak ne\u010dekan\u00e9 zku\u0161enosti a setk\u00e1n\u00ed formuj\u00ed na\u0161i cestu. A \u017ee otev\u0159enost p\u0159\u00edle\u017eitostem a odvaha vystoupit z&nbsp;komfortn\u00ed z\u00f3ny \u010dasto vedou k&nbsp;t\u011bm nejd\u016fle\u017eit\u011bj\u0161\u00edm \u017eivotn\u00edm lekc\u00edm.<\/p>\n<p><em><strong>Autorka textu:<\/strong> Tereza Barto\u0161kov\u00e1<\/em><\/p>\n<p><img decoding=\"async\" class=\"alignnone wp-image-20338 size-large\" src=\"https:\/\/www.vskk.cz\/cz\/wp-content\/uploads\/sites\/2\/2026\/04\/Kacka-Kena-1200x1574.jpeg\" alt=\"\" width=\"1200\" height=\"1574\" srcset=\"https:\/\/www.vskk.cz\/cz\/wp-content\/uploads\/sites\/2\/2026\/04\/Kacka-Kena-1200x1574.jpeg 1200w, https:\/\/www.vskk.cz\/cz\/wp-content\/uploads\/sites\/2\/2026\/04\/Kacka-Kena-229x300.jpeg 229w, https:\/\/www.vskk.cz\/cz\/wp-content\/uploads\/sites\/2\/2026\/04\/Kacka-Kena-768x1007.jpeg 768w, https:\/\/www.vskk.cz\/cz\/wp-content\/uploads\/sites\/2\/2026\/04\/Kacka-Kena-1171x1536.jpeg 1171w, https:\/\/www.vskk.cz\/cz\/wp-content\/uploads\/sites\/2\/2026\/04\/Kacka-Kena-303x398.jpeg 303w, https:\/\/www.vskk.cz\/cz\/wp-content\/uploads\/sites\/2\/2026\/04\/Kacka-Kena-503x660.jpeg 503w, https:\/\/www.vskk.cz\/cz\/wp-content\/uploads\/sites\/2\/2026\/04\/Kacka-Kena-152x200.jpeg 152w, https:\/\/www.vskk.cz\/cz\/wp-content\/uploads\/sites\/2\/2026\/04\/Kacka-Kena-309x405.jpeg 309w, https:\/\/www.vskk.cz\/cz\/wp-content\/uploads\/sites\/2\/2026\/04\/Kacka-Kena-244x320.jpeg 244w, https:\/\/www.vskk.cz\/cz\/wp-content\/uploads\/sites\/2\/2026\/04\/Kacka-Kena-160x210.jpeg 160w, https:\/\/www.vskk.cz\/cz\/wp-content\/uploads\/sites\/2\/2026\/04\/Kacka-Kena-69x90.jpeg 69w, https:\/\/www.vskk.cz\/cz\/wp-content\/uploads\/sites\/2\/2026\/04\/Kacka-Kena-363x476.jpeg 363w, https:\/\/www.vskk.cz\/cz\/wp-content\/uploads\/sites\/2\/2026\/04\/Kacka-Kena.jpeg 1206w\" sizes=\"(max-width: 1200px) 100vw, 1200px\" \/><\/p>\n<p><img decoding=\"async\" class=\"alignnone wp-image-20339 size-large\" src=\"https:\/\/www.vskk.cz\/cz\/wp-content\/uploads\/sites\/2\/2026\/04\/Kacka-Nova-tym-1200x800.jpeg\" alt=\"\" width=\"1200\" height=\"800\" srcset=\"https:\/\/www.vskk.cz\/cz\/wp-content\/uploads\/sites\/2\/2026\/04\/Kacka-Nova-tym-1200x800.jpeg 1200w, https:\/\/www.vskk.cz\/cz\/wp-content\/uploads\/sites\/2\/2026\/04\/Kacka-Nova-tym-300x200.jpeg 300w, https:\/\/www.vskk.cz\/cz\/wp-content\/uploads\/sites\/2\/2026\/04\/Kacka-Nova-tym-768x512.jpeg 768w, https:\/\/www.vskk.cz\/cz\/wp-content\/uploads\/sites\/2\/2026\/04\/Kacka-Nova-tym-1536x1023.jpeg 1536w, https:\/\/www.vskk.cz\/cz\/wp-content\/uploads\/sites\/2\/2026\/04\/Kacka-Nova-tym-597x398.jpeg 597w, https:\/\/www.vskk.cz\/cz\/wp-content\/uploads\/sites\/2\/2026\/04\/Kacka-Nova-tym-991x660.jpeg 991w, https:\/\/www.vskk.cz\/cz\/wp-content\/uploads\/sites\/2\/2026\/04\/Kacka-Nova-tym-200x133.jpeg 200w, https:\/\/www.vskk.cz\/cz\/wp-content\/uploads\/sites\/2\/2026\/04\/Kacka-Nova-tym-608x405.jpeg 608w, https:\/\/www.vskk.cz\/cz\/wp-content\/uploads\/sites\/2\/2026\/04\/Kacka-Nova-tym-270x180.jpeg 270w, https:\/\/www.vskk.cz\/cz\/wp-content\/uploads\/sites\/2\/2026\/04\/Kacka-Nova-tym-135x90.jpeg 135w, https:\/\/www.vskk.cz\/cz\/wp-content\/uploads\/sites\/2\/2026\/04\/Kacka-Nova-tym-600x400.jpeg 600w, https:\/\/www.vskk.cz\/cz\/wp-content\/uploads\/sites\/2\/2026\/04\/Kacka-Nova-tym.jpeg 1600w\" sizes=\"(max-width: 1200px) 100vw, 1200px\" \/><\/p>\n<p><img decoding=\"async\" class=\"alignnone wp-image-20340 size-large\" src=\"https:\/\/www.vskk.cz\/cz\/wp-content\/uploads\/sites\/2\/2026\/04\/Katerina-Herodesova-profilova-1200x1803.jpg\" alt=\"\" width=\"1200\" height=\"1803\" srcset=\"https:\/\/www.vskk.cz\/cz\/wp-content\/uploads\/sites\/2\/2026\/04\/Katerina-Herodesova-profilova-1200x1803.jpg 1200w, https:\/\/www.vskk.cz\/cz\/wp-content\/uploads\/sites\/2\/2026\/04\/Katerina-Herodesova-profilova-200x300.jpg 200w, https:\/\/www.vskk.cz\/cz\/wp-content\/uploads\/sites\/2\/2026\/04\/Katerina-Herodesova-profilova-768x1154.jpg 768w, https:\/\/www.vskk.cz\/cz\/wp-content\/uploads\/sites\/2\/2026\/04\/Katerina-Herodesova-profilova-1022x1536.jpg 1022w, https:\/\/www.vskk.cz\/cz\/wp-content\/uploads\/sites\/2\/2026\/04\/Katerina-Herodesova-profilova-scaled.jpg 1363w, https:\/\/www.vskk.cz\/cz\/wp-content\/uploads\/sites\/2\/2026\/04\/Katerina-Herodesova-profilova-265x398.jpg 265w, https:\/\/www.vskk.cz\/cz\/wp-content\/uploads\/sites\/2\/2026\/04\/Katerina-Herodesova-profilova-439x660.jpg 439w, https:\/\/www.vskk.cz\/cz\/wp-content\/uploads\/sites\/2\/2026\/04\/Katerina-Herodesova-profilova-133x200.jpg 133w, https:\/\/www.vskk.cz\/cz\/wp-content\/uploads\/sites\/2\/2026\/04\/Katerina-Herodesova-profilova-270x405.jpg 270w, https:\/\/www.vskk.cz\/cz\/wp-content\/uploads\/sites\/2\/2026\/04\/Katerina-Herodesova-profilova-1278x1920.jpg 1278w, https:\/\/www.vskk.cz\/cz\/wp-content\/uploads\/sites\/2\/2026\/04\/Katerina-Herodesova-profilova-213x320.jpg 213w, https:\/\/www.vskk.cz\/cz\/wp-content\/uploads\/sites\/2\/2026\/04\/Katerina-Herodesova-profilova-140x210.jpg 140w, https:\/\/www.vskk.cz\/cz\/wp-content\/uploads\/sites\/2\/2026\/04\/Katerina-Herodesova-profilova-60x90.jpg 60w, https:\/\/www.vskk.cz\/cz\/wp-content\/uploads\/sites\/2\/2026\/04\/Katerina-Herodesova-profilova-317x476.jpg 317w\" sizes=\"(max-width: 1200px) 100vw, 1200px\" \/><\/p>\n","protected":false},"excerpt":{"rendered":"<p>Na V\u0160KK absolvovala bakal\u00e1\u0159sk\u00e9 studium liter\u00e1rn\u00ed tvorby. Dnes pracuje v&nbsp;jedn\u00e9&hellip;<\/p>\n","protected":false},"author":9,"featured_media":20340,"parent":53,"menu_order":0,"comment_status":"closed","ping_status":"closed","template":"news.php","meta":{"_acf_changed":false,"episode_type":"","audio_file":"","podmotor_file_id":"","podmotor_episode_id":"","cover_image":"","cover_image_id":"","duration":"","filesize":"","filesize_raw":"","date_recorded":"","explicit":"","block":"","itunes_episode_number":"","itunes_title":"","itunes_season_number":"","itunes_episode_type":"","footnotes":""},"class_list":["post-20337","page","type-page","status-publish","has-post-thumbnail","hentry"],"acf":[],"yoast_head":"<!-- This site is optimized with the Yoast SEO plugin v27.3 - https:\/\/yoast.com\/product\/yoast-seo-wordpress\/ -->\n<title>V\u0160KK - Vysok\u00e1 \u0161kola kreativn\u00ed komunikace<\/title>\n<meta name=\"description\" content=\"V\u0160KK - Vysok\u00e1 \u0161kola kreativn\u00ed komunikace - Jedna \u0161kola, stovky p\u0159\u00edle\u017eitost\u00ed. Soukrom\u00e1 vysok\u00e1 \u0161kola v Praze\" \/>\n<meta name=\"robots\" content=\"index, follow, max-snippet:-1, max-image-preview:large, max-video-preview:-1\" \/>\n<link rel=\"canonical\" href=\"https:\/\/www.vskk.cz\/cz\/aktuality\/katerina-herodesova-na-nove-jsem-vyrostla-kena-mi-otevrela-oci\/\" \/>\n<meta property=\"og:locale\" content=\"cs_CZ\" \/>\n<meta property=\"og:type\" content=\"article\" \/>\n<meta property=\"og:title\" content=\"V\u0160KK - Vysok\u00e1 \u0161kola kreativn\u00ed komunikace\" \/>\n<meta property=\"og:description\" content=\"V\u0160KK - Vysok\u00e1 \u0161kola kreativn\u00ed komunikace - Jedna \u0161kola, stovky p\u0159\u00edle\u017eitost\u00ed. Soukrom\u00e1 vysok\u00e1 \u0161kola v Praze\" \/>\n<meta property=\"og:url\" content=\"https:\/\/www.vskk.cz\/cz\/aktuality\/katerina-herodesova-na-nove-jsem-vyrostla-kena-mi-otevrela-oci\/\" \/>\n<meta property=\"og:site_name\" content=\"Vysok\u00e1 \u0161kola kreativn\u00ed komunikace\" \/>\n<meta property=\"og:image\" content=\"https:\/\/www.vskk.cz\/cz\/wp-content\/uploads\/sites\/2\/2026\/04\/Katerina-Herodesova-profilova-scaled.jpg\" \/>\n\t<meta property=\"og:image:width\" content=\"1363\" \/>\n\t<meta property=\"og:image:height\" content=\"2048\" \/>\n\t<meta property=\"og:image:type\" content=\"image\/jpeg\" \/>\n<meta name=\"twitter:card\" content=\"summary_large_image\" \/>\n<meta name=\"twitter:label1\" content=\"Odhadovan\u00e1 doba \u010dten\u00ed\" \/>\n\t<meta name=\"twitter:data1\" content=\"9 minut\" \/>\n<script type=\"application\/ld+json\" class=\"yoast-schema-graph\">{\"@context\":\"https:\\\/\\\/schema.org\",\"@graph\":[{\"@type\":\"WebPage\",\"@id\":\"https:\\\/\\\/www.vskk.cz\\\/cz\\\/aktuality\\\/katerina-herodesova-na-nove-jsem-vyrostla-kena-mi-otevrela-oci\\\/\",\"url\":\"https:\\\/\\\/www.vskk.cz\\\/cz\\\/aktuality\\\/katerina-herodesova-na-nove-jsem-vyrostla-kena-mi-otevrela-oci\\\/\",\"name\":\"V\u0160KK - Vysok\u00e1 \u0161kola kreativn\u00ed komunikace\",\"isPartOf\":{\"@id\":\"https:\\\/\\\/www.vskk.cz\\\/cz\\\/#website\"},\"primaryImageOfPage\":{\"@id\":\"https:\\\/\\\/www.vskk.cz\\\/cz\\\/aktuality\\\/katerina-herodesova-na-nove-jsem-vyrostla-kena-mi-otevrela-oci\\\/#primaryimage\"},\"image\":{\"@id\":\"https:\\\/\\\/www.vskk.cz\\\/cz\\\/aktuality\\\/katerina-herodesova-na-nove-jsem-vyrostla-kena-mi-otevrela-oci\\\/#primaryimage\"},\"thumbnailUrl\":\"https:\\\/\\\/www.vskk.cz\\\/cz\\\/wp-content\\\/uploads\\\/sites\\\/2\\\/2026\\\/04\\\/Katerina-Herodesova-profilova-scaled.jpg\",\"datePublished\":\"2026-04-28T10:15:08+00:00\",\"description\":\"V\u0160KK - Vysok\u00e1 \u0161kola kreativn\u00ed komunikace - Jedna \u0161kola, stovky p\u0159\u00edle\u017eitost\u00ed. Soukrom\u00e1 vysok\u00e1 \u0161kola v Praze\",\"breadcrumb\":{\"@id\":\"https:\\\/\\\/www.vskk.cz\\\/cz\\\/aktuality\\\/katerina-herodesova-na-nove-jsem-vyrostla-kena-mi-otevrela-oci\\\/#breadcrumb\"},\"inLanguage\":\"cs\",\"potentialAction\":[{\"@type\":\"ReadAction\",\"target\":[\"https:\\\/\\\/www.vskk.cz\\\/cz\\\/aktuality\\\/katerina-herodesova-na-nove-jsem-vyrostla-kena-mi-otevrela-oci\\\/\"]}]},{\"@type\":\"ImageObject\",\"inLanguage\":\"cs\",\"@id\":\"https:\\\/\\\/www.vskk.cz\\\/cz\\\/aktuality\\\/katerina-herodesova-na-nove-jsem-vyrostla-kena-mi-otevrela-oci\\\/#primaryimage\",\"url\":\"https:\\\/\\\/www.vskk.cz\\\/cz\\\/wp-content\\\/uploads\\\/sites\\\/2\\\/2026\\\/04\\\/Katerina-Herodesova-profilova-scaled.jpg\",\"contentUrl\":\"https:\\\/\\\/www.vskk.cz\\\/cz\\\/wp-content\\\/uploads\\\/sites\\\/2\\\/2026\\\/04\\\/Katerina-Herodesova-profilova-scaled.jpg\",\"width\":1363,\"height\":2048},{\"@type\":\"BreadcrumbList\",\"@id\":\"https:\\\/\\\/www.vskk.cz\\\/cz\\\/aktuality\\\/katerina-herodesova-na-nove-jsem-vyrostla-kena-mi-otevrela-oci\\\/#breadcrumb\",\"itemListElement\":[{\"@type\":\"ListItem\",\"position\":1,\"name\":\"Dom\u016f\",\"item\":\"https:\\\/\\\/www.vskk.cz\\\/cz\\\/\"},{\"@type\":\"ListItem\",\"position\":2,\"name\":\"Aktuality\",\"item\":\"https:\\\/\\\/www.vskk.cz\\\/cz\\\/aktuality\\\/\"},{\"@type\":\"ListItem\",\"position\":3,\"name\":\"Kate\u0159ina Herodesov\u00e1: Na Nov\u011b jsem vyrostla, Ke\u0148a mi otev\u0159ela o\u010di\"}]},{\"@type\":\"WebSite\",\"@id\":\"https:\\\/\\\/www.vskk.cz\\\/cz\\\/#website\",\"url\":\"https:\\\/\\\/www.vskk.cz\\\/cz\\\/\",\"name\":\"Vysok\u00e1 \u0161kola kreativn\u00ed komunikace\",\"description\":\"\",\"potentialAction\":[{\"@type\":\"SearchAction\",\"target\":{\"@type\":\"EntryPoint\",\"urlTemplate\":\"https:\\\/\\\/www.vskk.cz\\\/cz\\\/?s={search_term_string}\"},\"query-input\":{\"@type\":\"PropertyValueSpecification\",\"valueRequired\":true,\"valueName\":\"search_term_string\"}}],\"inLanguage\":\"cs\"}]}<\/script>\n<!-- \/ Yoast SEO plugin. -->","yoast_head_json":{"title":"V\u0160KK - Vysok\u00e1 \u0161kola kreativn\u00ed komunikace","description":"V\u0160KK - Vysok\u00e1 \u0161kola kreativn\u00ed komunikace - Jedna \u0161kola, stovky p\u0159\u00edle\u017eitost\u00ed. Soukrom\u00e1 vysok\u00e1 \u0161kola v Praze","robots":{"index":"index","follow":"follow","max-snippet":"max-snippet:-1","max-image-preview":"max-image-preview:large","max-video-preview":"max-video-preview:-1"},"canonical":"https:\/\/www.vskk.cz\/cz\/aktuality\/katerina-herodesova-na-nove-jsem-vyrostla-kena-mi-otevrela-oci\/","og_locale":"cs_CZ","og_type":"article","og_title":"V\u0160KK - Vysok\u00e1 \u0161kola kreativn\u00ed komunikace","og_description":"V\u0160KK - Vysok\u00e1 \u0161kola kreativn\u00ed komunikace - Jedna \u0161kola, stovky p\u0159\u00edle\u017eitost\u00ed. Soukrom\u00e1 vysok\u00e1 \u0161kola v Praze","og_url":"https:\/\/www.vskk.cz\/cz\/aktuality\/katerina-herodesova-na-nove-jsem-vyrostla-kena-mi-otevrela-oci\/","og_site_name":"Vysok\u00e1 \u0161kola kreativn\u00ed komunikace","og_image":[{"width":1363,"height":2048,"url":"https:\/\/www.vskk.cz\/cz\/wp-content\/uploads\/sites\/2\/2026\/04\/Katerina-Herodesova-profilova-scaled.jpg","type":"image\/jpeg"}],"twitter_card":"summary_large_image","twitter_misc":{"Odhadovan\u00e1 doba \u010dten\u00ed":"9 minut"},"schema":{"@context":"https:\/\/schema.org","@graph":[{"@type":"WebPage","@id":"https:\/\/www.vskk.cz\/cz\/aktuality\/katerina-herodesova-na-nove-jsem-vyrostla-kena-mi-otevrela-oci\/","url":"https:\/\/www.vskk.cz\/cz\/aktuality\/katerina-herodesova-na-nove-jsem-vyrostla-kena-mi-otevrela-oci\/","name":"V\u0160KK - Vysok\u00e1 \u0161kola kreativn\u00ed komunikace","isPartOf":{"@id":"https:\/\/www.vskk.cz\/cz\/#website"},"primaryImageOfPage":{"@id":"https:\/\/www.vskk.cz\/cz\/aktuality\/katerina-herodesova-na-nove-jsem-vyrostla-kena-mi-otevrela-oci\/#primaryimage"},"image":{"@id":"https:\/\/www.vskk.cz\/cz\/aktuality\/katerina-herodesova-na-nove-jsem-vyrostla-kena-mi-otevrela-oci\/#primaryimage"},"thumbnailUrl":"https:\/\/www.vskk.cz\/cz\/wp-content\/uploads\/sites\/2\/2026\/04\/Katerina-Herodesova-profilova-scaled.jpg","datePublished":"2026-04-28T10:15:08+00:00","description":"V\u0160KK - Vysok\u00e1 \u0161kola kreativn\u00ed komunikace - Jedna \u0161kola, stovky p\u0159\u00edle\u017eitost\u00ed. Soukrom\u00e1 vysok\u00e1 \u0161kola v Praze","breadcrumb":{"@id":"https:\/\/www.vskk.cz\/cz\/aktuality\/katerina-herodesova-na-nove-jsem-vyrostla-kena-mi-otevrela-oci\/#breadcrumb"},"inLanguage":"cs","potentialAction":[{"@type":"ReadAction","target":["https:\/\/www.vskk.cz\/cz\/aktuality\/katerina-herodesova-na-nove-jsem-vyrostla-kena-mi-otevrela-oci\/"]}]},{"@type":"ImageObject","inLanguage":"cs","@id":"https:\/\/www.vskk.cz\/cz\/aktuality\/katerina-herodesova-na-nove-jsem-vyrostla-kena-mi-otevrela-oci\/#primaryimage","url":"https:\/\/www.vskk.cz\/cz\/wp-content\/uploads\/sites\/2\/2026\/04\/Katerina-Herodesova-profilova-scaled.jpg","contentUrl":"https:\/\/www.vskk.cz\/cz\/wp-content\/uploads\/sites\/2\/2026\/04\/Katerina-Herodesova-profilova-scaled.jpg","width":1363,"height":2048},{"@type":"BreadcrumbList","@id":"https:\/\/www.vskk.cz\/cz\/aktuality\/katerina-herodesova-na-nove-jsem-vyrostla-kena-mi-otevrela-oci\/#breadcrumb","itemListElement":[{"@type":"ListItem","position":1,"name":"Dom\u016f","item":"https:\/\/www.vskk.cz\/cz\/"},{"@type":"ListItem","position":2,"name":"Aktuality","item":"https:\/\/www.vskk.cz\/cz\/aktuality\/"},{"@type":"ListItem","position":3,"name":"Kate\u0159ina Herodesov\u00e1: Na Nov\u011b jsem vyrostla, Ke\u0148a mi otev\u0159ela o\u010di"}]},{"@type":"WebSite","@id":"https:\/\/www.vskk.cz\/cz\/#website","url":"https:\/\/www.vskk.cz\/cz\/","name":"Vysok\u00e1 \u0161kola kreativn\u00ed komunikace","description":"","potentialAction":[{"@type":"SearchAction","target":{"@type":"EntryPoint","urlTemplate":"https:\/\/www.vskk.cz\/cz\/?s={search_term_string}"},"query-input":{"@type":"PropertyValueSpecification","valueRequired":true,"valueName":"search_term_string"}}],"inLanguage":"cs"}]}},"_links":{"self":[{"href":"https:\/\/www.vskk.cz\/cz\/wp-json\/wp\/v2\/pages\/20337","targetHints":{"allow":["GET"]}}],"collection":[{"href":"https:\/\/www.vskk.cz\/cz\/wp-json\/wp\/v2\/pages"}],"about":[{"href":"https:\/\/www.vskk.cz\/cz\/wp-json\/wp\/v2\/types\/page"}],"author":[{"embeddable":true,"href":"https:\/\/www.vskk.cz\/cz\/wp-json\/wp\/v2\/users\/9"}],"replies":[{"embeddable":true,"href":"https:\/\/www.vskk.cz\/cz\/wp-json\/wp\/v2\/comments?post=20337"}],"version-history":[{"count":1,"href":"https:\/\/www.vskk.cz\/cz\/wp-json\/wp\/v2\/pages\/20337\/revisions"}],"predecessor-version":[{"id":20341,"href":"https:\/\/www.vskk.cz\/cz\/wp-json\/wp\/v2\/pages\/20337\/revisions\/20341"}],"up":[{"embeddable":true,"href":"https:\/\/www.vskk.cz\/cz\/wp-json\/wp\/v2\/pages\/53"}],"wp:featuredmedia":[{"embeddable":true,"href":"https:\/\/www.vskk.cz\/cz\/wp-json\/wp\/v2\/media\/20340"}],"wp:attachment":[{"href":"https:\/\/www.vskk.cz\/cz\/wp-json\/wp\/v2\/media?parent=20337"}],"curies":[{"name":"wp","href":"https:\/\/api.w.org\/{rel}","templated":true}]}}