{"id":20206,"date":"2026-03-16T17:15:40","date_gmt":"2026-03-16T16:15:40","guid":{"rendered":"https:\/\/www.vskk.cz\/cz\/?page_id=20206"},"modified":"2026-04-08T21:15:53","modified_gmt":"2026-04-08T19:15:53","slug":"vystava-na-masarykove-nadrazi-v-praze-2","status":"publish","type":"page","link":"https:\/\/www.vskk.cz\/cz\/aktuality\/vystava-na-masarykove-nadrazi-v-praze-2\/","title":{"rendered":"V\u00fdstava na Masarykov\u011b n\u00e1dra\u017e\u00ed v&nbsp;Praze"},"content":{"rendered":"<p>Od <strong>16.&nbsp;b\u0159ezna do 17.&nbsp;dubna<\/strong> v&nbsp;prostor\u00e1ch historick\u00e9ho <strong>Masarykova n\u00e1dra\u017e\u00ed<\/strong> je k&nbsp;vid\u011bn\u00ed v\u00fdstava grafick\u00fdch a fotografick\u00fdch prac\u00ed student\u016f V\u0160KK. Pokud vejdete do haly z&nbsp;ulice Hybernsk\u00e1 uvid\u00edte na 12 panelech celkem 22 nejnov\u011bj\u0161\u00edch prac\u00ed na\u0161ich student\u016f.<\/p>\n<p>D\u011bkujeme spole\u010dnosti <strong>Penta Real Estate<\/strong> s.r.o. a <strong>\u010cesk\u00fdm drah\u00e1m<\/strong> za umo\u017en\u011bn\u00ed realizace v\u00fdstavy.<\/p>\n<p>V\u011b\u0159\u00edme, \u017ee se V\u00e1m budou l\u00edbit, tak jako n\u00e1m.<\/p>\n<p><img decoding=\"async\" class=\"alignnone wp-image-20210 size-large\" src=\"https:\/\/www.vskk.cz\/cz\/wp-content\/uploads\/sites\/2\/2026\/03\/9d456308-6dbf-4367-a198-6fc6bf842191-1200x900.jpg\" alt=\"\" width=\"1200\" height=\"900\" srcset=\"https:\/\/www.vskk.cz\/cz\/wp-content\/uploads\/sites\/2\/2026\/03\/9d456308-6dbf-4367-a198-6fc6bf842191-1200x900.jpg 1200w, https:\/\/www.vskk.cz\/cz\/wp-content\/uploads\/sites\/2\/2026\/03\/9d456308-6dbf-4367-a198-6fc6bf842191-300x225.jpg 300w, https:\/\/www.vskk.cz\/cz\/wp-content\/uploads\/sites\/2\/2026\/03\/9d456308-6dbf-4367-a198-6fc6bf842191-768x576.jpg 768w, https:\/\/www.vskk.cz\/cz\/wp-content\/uploads\/sites\/2\/2026\/03\/9d456308-6dbf-4367-a198-6fc6bf842191-1536x1152.jpg 1536w, https:\/\/www.vskk.cz\/cz\/wp-content\/uploads\/sites\/2\/2026\/03\/9d456308-6dbf-4367-a198-6fc6bf842191-531x398.jpg 531w, https:\/\/www.vskk.cz\/cz\/wp-content\/uploads\/sites\/2\/2026\/03\/9d456308-6dbf-4367-a198-6fc6bf842191-880x660.jpg 880w, https:\/\/www.vskk.cz\/cz\/wp-content\/uploads\/sites\/2\/2026\/03\/9d456308-6dbf-4367-a198-6fc6bf842191-200x150.jpg 200w, https:\/\/www.vskk.cz\/cz\/wp-content\/uploads\/sites\/2\/2026\/03\/9d456308-6dbf-4367-a198-6fc6bf842191-540x405.jpg 540w, https:\/\/www.vskk.cz\/cz\/wp-content\/uploads\/sites\/2\/2026\/03\/9d456308-6dbf-4367-a198-6fc6bf842191-270x203.jpg 270w, https:\/\/www.vskk.cz\/cz\/wp-content\/uploads\/sites\/2\/2026\/03\/9d456308-6dbf-4367-a198-6fc6bf842191-120x90.jpg 120w, https:\/\/www.vskk.cz\/cz\/wp-content\/uploads\/sites\/2\/2026\/03\/9d456308-6dbf-4367-a198-6fc6bf842191-600x450.jpg 600w, https:\/\/www.vskk.cz\/cz\/wp-content\/uploads\/sites\/2\/2026\/03\/9d456308-6dbf-4367-a198-6fc6bf842191.jpg 1920w\" sizes=\"(max-width: 1200px) 100vw, 1200px\" \/><\/p>\n<p>&nbsp;<\/p>\n","protected":false},"excerpt":{"rendered":"<p>Od 16.&nbsp;b\u0159ezna do 17.&nbsp;dubna v&nbsp;prostor\u00e1ch historick\u00e9ho Masarykova n\u00e1dra\u017e\u00ed je k&nbsp;vid\u011bn\u00ed&hellip;<\/p>\n","protected":false},"author":30,"featured_media":20207,"parent":53,"menu_order":0,"comment_status":"closed","ping_status":"closed","template":"news.php","meta":{"_acf_changed":false,"episode_type":"","audio_file":"","podmotor_file_id":"","podmotor_episode_id":"","cover_image":"","cover_image_id":"","duration":"","filesize":"","filesize_raw":"","date_recorded":"","explicit":"","block":"","itunes_episode_number":"","itunes_title":"","itunes_season_number":"","itunes_episode_type":"","footnotes":""},"class_list":["post-20206","page","type-page","status-publish","has-post-thumbnail","hentry"],"acf":[],"yoast_head":"<!-- This site is optimized with the Yoast SEO plugin v27.3 - https:\/\/yoast.com\/product\/yoast-seo-wordpress\/ -->\n<title>V\u0160KK - Vysok\u00e1 \u0161kola kreativn\u00ed komunikace<\/title>\n<meta name=\"description\" content=\"V\u0160KK - Vysok\u00e1 \u0161kola kreativn\u00ed komunikace - Jedna \u0161kola, stovky p\u0159\u00edle\u017eitost\u00ed. Soukrom\u00e1 vysok\u00e1 \u0161kola v Praze\" \/>\n<meta name=\"robots\" content=\"index, follow, max-snippet:-1, max-image-preview:large, max-video-preview:-1\" \/>\n<link rel=\"canonical\" href=\"https:\/\/www.vskk.cz\/cz\/aktuality\/vystava-na-masarykove-nadrazi-v-praze-2\/\" \/>\n<meta property=\"og:locale\" content=\"cs_CZ\" \/>\n<meta property=\"og:type\" content=\"article\" \/>\n<meta property=\"og:title\" content=\"V\u0160KK - Vysok\u00e1 \u0161kola kreativn\u00ed komunikace\" \/>\n<meta property=\"og:description\" content=\"V\u0160KK - Vysok\u00e1 \u0161kola kreativn\u00ed komunikace - Jedna \u0161kola, stovky p\u0159\u00edle\u017eitost\u00ed. Soukrom\u00e1 vysok\u00e1 \u0161kola v Praze\" \/>\n<meta property=\"og:url\" content=\"https:\/\/www.vskk.cz\/cz\/aktuality\/vystava-na-masarykove-nadrazi-v-praze-2\/\" \/>\n<meta property=\"og:site_name\" content=\"Vysok\u00e1 \u0161kola kreativn\u00ed komunikace\" \/>\n<meta property=\"article:modified_time\" content=\"2026-04-08T19:15:53+00:00\" \/>\n<meta property=\"og:image\" content=\"https:\/\/www.vskk.cz\/cz\/wp-content\/uploads\/sites\/2\/2026\/03\/92dfd35a-dbfe-4f43-8200-f158f1360f38.jpg\" \/>\n\t<meta property=\"og:image:width\" content=\"338\" \/>\n\t<meta property=\"og:image:height\" content=\"338\" \/>\n\t<meta property=\"og:image:type\" content=\"image\/jpeg\" \/>\n<meta name=\"twitter:card\" content=\"summary_large_image\" \/>\n<meta name=\"twitter:label1\" content=\"Odhadovan\u00e1 doba \u010dten\u00ed\" \/>\n\t<meta name=\"twitter:data1\" content=\"1 minuta\" \/>\n<script type=\"application\/ld+json\" class=\"yoast-schema-graph\">{\"@context\":\"https:\\\/\\\/schema.org\",\"@graph\":[{\"@type\":\"WebPage\",\"@id\":\"https:\\\/\\\/www.vskk.cz\\\/cz\\\/aktuality\\\/vystava-na-masarykove-nadrazi-v-praze-2\\\/\",\"url\":\"https:\\\/\\\/www.vskk.cz\\\/cz\\\/aktuality\\\/vystava-na-masarykove-nadrazi-v-praze-2\\\/\",\"name\":\"V\u0160KK - Vysok\u00e1 \u0161kola kreativn\u00ed komunikace\",\"isPartOf\":{\"@id\":\"https:\\\/\\\/www.vskk.cz\\\/cz\\\/#website\"},\"primaryImageOfPage\":{\"@id\":\"https:\\\/\\\/www.vskk.cz\\\/cz\\\/aktuality\\\/vystava-na-masarykove-nadrazi-v-praze-2\\\/#primaryimage\"},\"image\":{\"@id\":\"https:\\\/\\\/www.vskk.cz\\\/cz\\\/aktuality\\\/vystava-na-masarykove-nadrazi-v-praze-2\\\/#primaryimage\"},\"thumbnailUrl\":\"https:\\\/\\\/www.vskk.cz\\\/cz\\\/wp-content\\\/uploads\\\/sites\\\/2\\\/2026\\\/03\\\/92dfd35a-dbfe-4f43-8200-f158f1360f38.jpg\",\"datePublished\":\"2026-03-16T16:15:40+00:00\",\"dateModified\":\"2026-04-08T19:15:53+00:00\",\"description\":\"V\u0160KK - Vysok\u00e1 \u0161kola kreativn\u00ed komunikace - Jedna \u0161kola, stovky p\u0159\u00edle\u017eitost\u00ed. Soukrom\u00e1 vysok\u00e1 \u0161kola v Praze\",\"breadcrumb\":{\"@id\":\"https:\\\/\\\/www.vskk.cz\\\/cz\\\/aktuality\\\/vystava-na-masarykove-nadrazi-v-praze-2\\\/#breadcrumb\"},\"inLanguage\":\"cs\",\"potentialAction\":[{\"@type\":\"ReadAction\",\"target\":[\"https:\\\/\\\/www.vskk.cz\\\/cz\\\/aktuality\\\/vystava-na-masarykove-nadrazi-v-praze-2\\\/\"]}]},{\"@type\":\"ImageObject\",\"inLanguage\":\"cs\",\"@id\":\"https:\\\/\\\/www.vskk.cz\\\/cz\\\/aktuality\\\/vystava-na-masarykove-nadrazi-v-praze-2\\\/#primaryimage\",\"url\":\"https:\\\/\\\/www.vskk.cz\\\/cz\\\/wp-content\\\/uploads\\\/sites\\\/2\\\/2026\\\/03\\\/92dfd35a-dbfe-4f43-8200-f158f1360f38.jpg\",\"contentUrl\":\"https:\\\/\\\/www.vskk.cz\\\/cz\\\/wp-content\\\/uploads\\\/sites\\\/2\\\/2026\\\/03\\\/92dfd35a-dbfe-4f43-8200-f158f1360f38.jpg\",\"width\":338,\"height\":338},{\"@type\":\"BreadcrumbList\",\"@id\":\"https:\\\/\\\/www.vskk.cz\\\/cz\\\/aktuality\\\/vystava-na-masarykove-nadrazi-v-praze-2\\\/#breadcrumb\",\"itemListElement\":[{\"@type\":\"ListItem\",\"position\":1,\"name\":\"Dom\u016f\",\"item\":\"https:\\\/\\\/www.vskk.cz\\\/cz\\\/\"},{\"@type\":\"ListItem\",\"position\":2,\"name\":\"Aktuality\",\"item\":\"https:\\\/\\\/www.vskk.cz\\\/cz\\\/aktuality\\\/\"},{\"@type\":\"ListItem\",\"position\":3,\"name\":\"V\u00fdstava na Masarykov\u011b n\u00e1dra\u017e\u00ed v Praze\"}]},{\"@type\":\"WebSite\",\"@id\":\"https:\\\/\\\/www.vskk.cz\\\/cz\\\/#website\",\"url\":\"https:\\\/\\\/www.vskk.cz\\\/cz\\\/\",\"name\":\"Vysok\u00e1 \u0161kola kreativn\u00ed komunikace\",\"description\":\"\",\"potentialAction\":[{\"@type\":\"SearchAction\",\"target\":{\"@type\":\"EntryPoint\",\"urlTemplate\":\"https:\\\/\\\/www.vskk.cz\\\/cz\\\/?s={search_term_string}\"},\"query-input\":{\"@type\":\"PropertyValueSpecification\",\"valueRequired\":true,\"valueName\":\"search_term_string\"}}],\"inLanguage\":\"cs\"}]}<\/script>\n<!-- \/ Yoast SEO plugin. -->","yoast_head_json":{"title":"V\u0160KK - Vysok\u00e1 \u0161kola kreativn\u00ed komunikace","description":"V\u0160KK - Vysok\u00e1 \u0161kola kreativn\u00ed komunikace - Jedna \u0161kola, stovky p\u0159\u00edle\u017eitost\u00ed. Soukrom\u00e1 vysok\u00e1 \u0161kola v Praze","robots":{"index":"index","follow":"follow","max-snippet":"max-snippet:-1","max-image-preview":"max-image-preview:large","max-video-preview":"max-video-preview:-1"},"canonical":"https:\/\/www.vskk.cz\/cz\/aktuality\/vystava-na-masarykove-nadrazi-v-praze-2\/","og_locale":"cs_CZ","og_type":"article","og_title":"V\u0160KK - Vysok\u00e1 \u0161kola kreativn\u00ed komunikace","og_description":"V\u0160KK - Vysok\u00e1 \u0161kola kreativn\u00ed komunikace - Jedna \u0161kola, stovky p\u0159\u00edle\u017eitost\u00ed. Soukrom\u00e1 vysok\u00e1 \u0161kola v Praze","og_url":"https:\/\/www.vskk.cz\/cz\/aktuality\/vystava-na-masarykove-nadrazi-v-praze-2\/","og_site_name":"Vysok\u00e1 \u0161kola kreativn\u00ed komunikace","article_modified_time":"2026-04-08T19:15:53+00:00","og_image":[{"width":338,"height":338,"url":"https:\/\/www.vskk.cz\/cz\/wp-content\/uploads\/sites\/2\/2026\/03\/92dfd35a-dbfe-4f43-8200-f158f1360f38.jpg","type":"image\/jpeg"}],"twitter_card":"summary_large_image","twitter_misc":{"Odhadovan\u00e1 doba \u010dten\u00ed":"1 minuta"},"schema":{"@context":"https:\/\/schema.org","@graph":[{"@type":"WebPage","@id":"https:\/\/www.vskk.cz\/cz\/aktuality\/vystava-na-masarykove-nadrazi-v-praze-2\/","url":"https:\/\/www.vskk.cz\/cz\/aktuality\/vystava-na-masarykove-nadrazi-v-praze-2\/","name":"V\u0160KK - Vysok\u00e1 \u0161kola kreativn\u00ed komunikace","isPartOf":{"@id":"https:\/\/www.vskk.cz\/cz\/#website"},"primaryImageOfPage":{"@id":"https:\/\/www.vskk.cz\/cz\/aktuality\/vystava-na-masarykove-nadrazi-v-praze-2\/#primaryimage"},"image":{"@id":"https:\/\/www.vskk.cz\/cz\/aktuality\/vystava-na-masarykove-nadrazi-v-praze-2\/#primaryimage"},"thumbnailUrl":"https:\/\/www.vskk.cz\/cz\/wp-content\/uploads\/sites\/2\/2026\/03\/92dfd35a-dbfe-4f43-8200-f158f1360f38.jpg","datePublished":"2026-03-16T16:15:40+00:00","dateModified":"2026-04-08T19:15:53+00:00","description":"V\u0160KK - Vysok\u00e1 \u0161kola kreativn\u00ed komunikace - Jedna \u0161kola, stovky p\u0159\u00edle\u017eitost\u00ed. Soukrom\u00e1 vysok\u00e1 \u0161kola v Praze","breadcrumb":{"@id":"https:\/\/www.vskk.cz\/cz\/aktuality\/vystava-na-masarykove-nadrazi-v-praze-2\/#breadcrumb"},"inLanguage":"cs","potentialAction":[{"@type":"ReadAction","target":["https:\/\/www.vskk.cz\/cz\/aktuality\/vystava-na-masarykove-nadrazi-v-praze-2\/"]}]},{"@type":"ImageObject","inLanguage":"cs","@id":"https:\/\/www.vskk.cz\/cz\/aktuality\/vystava-na-masarykove-nadrazi-v-praze-2\/#primaryimage","url":"https:\/\/www.vskk.cz\/cz\/wp-content\/uploads\/sites\/2\/2026\/03\/92dfd35a-dbfe-4f43-8200-f158f1360f38.jpg","contentUrl":"https:\/\/www.vskk.cz\/cz\/wp-content\/uploads\/sites\/2\/2026\/03\/92dfd35a-dbfe-4f43-8200-f158f1360f38.jpg","width":338,"height":338},{"@type":"BreadcrumbList","@id":"https:\/\/www.vskk.cz\/cz\/aktuality\/vystava-na-masarykove-nadrazi-v-praze-2\/#breadcrumb","itemListElement":[{"@type":"ListItem","position":1,"name":"Dom\u016f","item":"https:\/\/www.vskk.cz\/cz\/"},{"@type":"ListItem","position":2,"name":"Aktuality","item":"https:\/\/www.vskk.cz\/cz\/aktuality\/"},{"@type":"ListItem","position":3,"name":"V\u00fdstava na Masarykov\u011b n\u00e1dra\u017e\u00ed v Praze"}]},{"@type":"WebSite","@id":"https:\/\/www.vskk.cz\/cz\/#website","url":"https:\/\/www.vskk.cz\/cz\/","name":"Vysok\u00e1 \u0161kola kreativn\u00ed komunikace","description":"","potentialAction":[{"@type":"SearchAction","target":{"@type":"EntryPoint","urlTemplate":"https:\/\/www.vskk.cz\/cz\/?s={search_term_string}"},"query-input":{"@type":"PropertyValueSpecification","valueRequired":true,"valueName":"search_term_string"}}],"inLanguage":"cs"}]}},"_links":{"self":[{"href":"https:\/\/www.vskk.cz\/cz\/wp-json\/wp\/v2\/pages\/20206","targetHints":{"allow":["GET"]}}],"collection":[{"href":"https:\/\/www.vskk.cz\/cz\/wp-json\/wp\/v2\/pages"}],"about":[{"href":"https:\/\/www.vskk.cz\/cz\/wp-json\/wp\/v2\/types\/page"}],"author":[{"embeddable":true,"href":"https:\/\/www.vskk.cz\/cz\/wp-json\/wp\/v2\/users\/30"}],"replies":[{"embeddable":true,"href":"https:\/\/www.vskk.cz\/cz\/wp-json\/wp\/v2\/comments?post=20206"}],"version-history":[{"count":4,"href":"https:\/\/www.vskk.cz\/cz\/wp-json\/wp\/v2\/pages\/20206\/revisions"}],"predecessor-version":[{"id":20279,"href":"https:\/\/www.vskk.cz\/cz\/wp-json\/wp\/v2\/pages\/20206\/revisions\/20279"}],"up":[{"embeddable":true,"href":"https:\/\/www.vskk.cz\/cz\/wp-json\/wp\/v2\/pages\/53"}],"wp:featuredmedia":[{"embeddable":true,"href":"https:\/\/www.vskk.cz\/cz\/wp-json\/wp\/v2\/media\/20207"}],"wp:attachment":[{"href":"https:\/\/www.vskk.cz\/cz\/wp-json\/wp\/v2\/media?parent=20206"}],"curies":[{"name":"wp","href":"https:\/\/api.w.org\/{rel}","templated":true}]}}