{"id":17934,"date":"2024-10-02T15:08:12","date_gmt":"2024-10-02T13:08:12","guid":{"rendered":"https:\/\/www.vskk.cz\/cz\/?page_id=17934"},"modified":"2024-10-02T15:08:12","modified_gmt":"2024-10-02T13:08:12","slug":"spolecensky-vecer-v-nachode-ke-stoletemu-vyroci-narozeni-josefa-skvoreckeho","status":"publish","type":"page","link":"https:\/\/www.vskk.cz\/cz\/aktuality\/spolecensky-vecer-v-nachode-ke-stoletemu-vyroci-narozeni-josefa-skvoreckeho\/","title":{"rendered":"Spole\u010densk\u00fd ve\u010der v&nbsp;N\u00e1chod\u011b ke stolet\u00e9mu v\u00fdro\u010d\u00ed narozen\u00ed Josefa \u0160kvoreck\u00e9ho"},"content":{"rendered":"<p>Spole\u010densk\u00fd ve\u010der v&nbsp;N\u00e1chod\u011b ke stolet\u00e9mu v\u00fdro\u010d\u00ed narozen\u00ed Josefa \u0160kvoreck\u00e9ho a k\u0159est knihy Michala P\u0159ib\u00e1n\u011b\u00a0Errol. Josefa \u0160kvoreck\u00e9ho \u017eivot prvn\u00ed, 1924\u20131969<\/p>\n<p><img decoding=\"async\" class=\"alignnone wp-image-17940 size-img6\" src=\"https:\/\/www.vskk.cz\/cz\/wp-content\/uploads\/sites\/2\/2024\/10\/IMG_8563-280x405.jpeg\" alt=\"\" width=\"280\" height=\"405\" srcset=\"https:\/\/www.vskk.cz\/cz\/wp-content\/uploads\/sites\/2\/2024\/10\/IMG_8563-280x405.jpeg 280w, https:\/\/www.vskk.cz\/cz\/wp-content\/uploads\/sites\/2\/2024\/10\/IMG_8563-207x300.jpeg 207w, https:\/\/www.vskk.cz\/cz\/wp-content\/uploads\/sites\/2\/2024\/10\/IMG_8563-1200x1736.jpeg 1200w, https:\/\/www.vskk.cz\/cz\/wp-content\/uploads\/sites\/2\/2024\/10\/IMG_8563-768x1111.jpeg 768w, https:\/\/www.vskk.cz\/cz\/wp-content\/uploads\/sites\/2\/2024\/10\/IMG_8563-1062x1536.jpeg 1062w, https:\/\/www.vskk.cz\/cz\/wp-content\/uploads\/sites\/2\/2024\/10\/IMG_8563-scaled.jpeg 1416w, https:\/\/www.vskk.cz\/cz\/wp-content\/uploads\/sites\/2\/2024\/10\/IMG_8563-275x398.jpeg 275w, https:\/\/www.vskk.cz\/cz\/wp-content\/uploads\/sites\/2\/2024\/10\/IMG_8563-456x660.jpeg 456w, https:\/\/www.vskk.cz\/cz\/wp-content\/uploads\/sites\/2\/2024\/10\/IMG_8563-138x200.jpeg 138w, https:\/\/www.vskk.cz\/cz\/wp-content\/uploads\/sites\/2\/2024\/10\/IMG_8563-1327x1920.jpeg 1327w, https:\/\/www.vskk.cz\/cz\/wp-content\/uploads\/sites\/2\/2024\/10\/IMG_8563-221x320.jpeg 221w, https:\/\/www.vskk.cz\/cz\/wp-content\/uploads\/sites\/2\/2024\/10\/IMG_8563-145x210.jpeg 145w, https:\/\/www.vskk.cz\/cz\/wp-content\/uploads\/sites\/2\/2024\/10\/IMG_8563-62x90.jpeg 62w, https:\/\/www.vskk.cz\/cz\/wp-content\/uploads\/sites\/2\/2024\/10\/IMG_8563-329x476.jpeg 329w\" sizes=\"(max-width: 280px) 100vw, 280px\" \/><\/p>\n<p><img decoding=\"async\" class=\"alignnone wp-image-17936 size-img6\" src=\"https:\/\/www.vskk.cz\/cz\/wp-content\/uploads\/sites\/2\/2024\/10\/IMG_8559-770x403.jpeg\" alt=\"\" width=\"770\" height=\"403\" srcset=\"https:\/\/www.vskk.cz\/cz\/wp-content\/uploads\/sites\/2\/2024\/10\/IMG_8559-770x403.jpeg 770w, https:\/\/www.vskk.cz\/cz\/wp-content\/uploads\/sites\/2\/2024\/10\/IMG_8559-300x157.jpeg 300w, https:\/\/www.vskk.cz\/cz\/wp-content\/uploads\/sites\/2\/2024\/10\/IMG_8559-1200x629.jpeg 1200w, https:\/\/www.vskk.cz\/cz\/wp-content\/uploads\/sites\/2\/2024\/10\/IMG_8559-768x402.jpeg 768w, https:\/\/www.vskk.cz\/cz\/wp-content\/uploads\/sites\/2\/2024\/10\/IMG_8559-1536x805.jpeg 1536w, https:\/\/www.vskk.cz\/cz\/wp-content\/uploads\/sites\/2\/2024\/10\/IMG_8559-670x351.jpeg 670w, https:\/\/www.vskk.cz\/cz\/wp-content\/uploads\/sites\/2\/2024\/10\/IMG_8559-1260x660.jpeg 1260w, https:\/\/www.vskk.cz\/cz\/wp-content\/uploads\/sites\/2\/2024\/10\/IMG_8559-200x105.jpeg 200w, https:\/\/www.vskk.cz\/cz\/wp-content\/uploads\/sites\/2\/2024\/10\/IMG_8559-1920x1006.jpeg 1920w, https:\/\/www.vskk.cz\/cz\/wp-content\/uploads\/sites\/2\/2024\/10\/IMG_8559-270x141.jpeg 270w, https:\/\/www.vskk.cz\/cz\/wp-content\/uploads\/sites\/2\/2024\/10\/IMG_8559-172x90.jpeg 172w, https:\/\/www.vskk.cz\/cz\/wp-content\/uploads\/sites\/2\/2024\/10\/IMG_8559-600x314.jpeg 600w, https:\/\/www.vskk.cz\/cz\/wp-content\/uploads\/sites\/2\/2024\/10\/IMG_8559.jpeg 2000w\" sizes=\"(max-width: 770px) 100vw, 770px\" \/><\/p>\n<p><img decoding=\"async\" class=\"alignnone wp-image-17938 size-img6\" src=\"https:\/\/www.vskk.cz\/cz\/wp-content\/uploads\/sites\/2\/2024\/10\/IMG_8561-608x405.jpeg\" alt=\"\" width=\"608\" height=\"405\" srcset=\"https:\/\/www.vskk.cz\/cz\/wp-content\/uploads\/sites\/2\/2024\/10\/IMG_8561-608x405.jpeg 608w, https:\/\/www.vskk.cz\/cz\/wp-content\/uploads\/sites\/2\/2024\/10\/IMG_8561-300x200.jpeg 300w, https:\/\/www.vskk.cz\/cz\/wp-content\/uploads\/sites\/2\/2024\/10\/IMG_8561-1200x800.jpeg 1200w, https:\/\/www.vskk.cz\/cz\/wp-content\/uploads\/sites\/2\/2024\/10\/IMG_8561-768x512.jpeg 768w, https:\/\/www.vskk.cz\/cz\/wp-content\/uploads\/sites\/2\/2024\/10\/IMG_8561-1536x1024.jpeg 1536w, https:\/\/www.vskk.cz\/cz\/wp-content\/uploads\/sites\/2\/2024\/10\/IMG_8561-scaled.jpeg 2048w, https:\/\/www.vskk.cz\/cz\/wp-content\/uploads\/sites\/2\/2024\/10\/IMG_8561-597x398.jpeg 597w, https:\/\/www.vskk.cz\/cz\/wp-content\/uploads\/sites\/2\/2024\/10\/IMG_8561-990x660.jpeg 990w, https:\/\/www.vskk.cz\/cz\/wp-content\/uploads\/sites\/2\/2024\/10\/IMG_8561-200x133.jpeg 200w, https:\/\/www.vskk.cz\/cz\/wp-content\/uploads\/sites\/2\/2024\/10\/IMG_8561-1920x1280.jpeg 1920w, https:\/\/www.vskk.cz\/cz\/wp-content\/uploads\/sites\/2\/2024\/10\/IMG_8561-270x180.jpeg 270w, https:\/\/www.vskk.cz\/cz\/wp-content\/uploads\/sites\/2\/2024\/10\/IMG_8561-135x90.jpeg 135w, https:\/\/www.vskk.cz\/cz\/wp-content\/uploads\/sites\/2\/2024\/10\/IMG_8561-600x400.jpeg 600w\" sizes=\"(max-width: 608px) 100vw, 608px\" \/> <img decoding=\"async\" class=\"alignnone wp-image-17939 size-img6\" src=\"https:\/\/www.vskk.cz\/cz\/wp-content\/uploads\/sites\/2\/2024\/10\/IMG_8562-608x405.jpeg\" alt=\"\" width=\"608\" height=\"405\" srcset=\"https:\/\/www.vskk.cz\/cz\/wp-content\/uploads\/sites\/2\/2024\/10\/IMG_8562-608x405.jpeg 608w, https:\/\/www.vskk.cz\/cz\/wp-content\/uploads\/sites\/2\/2024\/10\/IMG_8562-300x200.jpeg 300w, https:\/\/www.vskk.cz\/cz\/wp-content\/uploads\/sites\/2\/2024\/10\/IMG_8562-1200x800.jpeg 1200w, https:\/\/www.vskk.cz\/cz\/wp-content\/uploads\/sites\/2\/2024\/10\/IMG_8562-768x512.jpeg 768w, https:\/\/www.vskk.cz\/cz\/wp-content\/uploads\/sites\/2\/2024\/10\/IMG_8562-1536x1024.jpeg 1536w, https:\/\/www.vskk.cz\/cz\/wp-content\/uploads\/sites\/2\/2024\/10\/IMG_8562-scaled.jpeg 2048w, https:\/\/www.vskk.cz\/cz\/wp-content\/uploads\/sites\/2\/2024\/10\/IMG_8562-597x398.jpeg 597w, https:\/\/www.vskk.cz\/cz\/wp-content\/uploads\/sites\/2\/2024\/10\/IMG_8562-990x660.jpeg 990w, https:\/\/www.vskk.cz\/cz\/wp-content\/uploads\/sites\/2\/2024\/10\/IMG_8562-200x133.jpeg 200w, https:\/\/www.vskk.cz\/cz\/wp-content\/uploads\/sites\/2\/2024\/10\/IMG_8562-1920x1280.jpeg 1920w, https:\/\/www.vskk.cz\/cz\/wp-content\/uploads\/sites\/2\/2024\/10\/IMG_8562-270x180.jpeg 270w, https:\/\/www.vskk.cz\/cz\/wp-content\/uploads\/sites\/2\/2024\/10\/IMG_8562-135x90.jpeg 135w, https:\/\/www.vskk.cz\/cz\/wp-content\/uploads\/sites\/2\/2024\/10\/IMG_8562-600x400.jpeg 600w\" sizes=\"(max-width: 608px) 100vw, 608px\" \/> <img decoding=\"async\" class=\"alignnone wp-image-17941 size-img6\" src=\"https:\/\/www.vskk.cz\/cz\/wp-content\/uploads\/sites\/2\/2024\/10\/IMG_8564-608x405.jpeg\" alt=\"\" width=\"608\" height=\"405\" srcset=\"https:\/\/www.vskk.cz\/cz\/wp-content\/uploads\/sites\/2\/2024\/10\/IMG_8564-608x405.jpeg 608w, https:\/\/www.vskk.cz\/cz\/wp-content\/uploads\/sites\/2\/2024\/10\/IMG_8564-300x200.jpeg 300w, https:\/\/www.vskk.cz\/cz\/wp-content\/uploads\/sites\/2\/2024\/10\/IMG_8564-1200x800.jpeg 1200w, https:\/\/www.vskk.cz\/cz\/wp-content\/uploads\/sites\/2\/2024\/10\/IMG_8564-768x512.jpeg 768w, https:\/\/www.vskk.cz\/cz\/wp-content\/uploads\/sites\/2\/2024\/10\/IMG_8564-1536x1024.jpeg 1536w, https:\/\/www.vskk.cz\/cz\/wp-content\/uploads\/sites\/2\/2024\/10\/IMG_8564-scaled.jpeg 2048w, https:\/\/www.vskk.cz\/cz\/wp-content\/uploads\/sites\/2\/2024\/10\/IMG_8564-597x398.jpeg 597w, https:\/\/www.vskk.cz\/cz\/wp-content\/uploads\/sites\/2\/2024\/10\/IMG_8564-990x660.jpeg 990w, https:\/\/www.vskk.cz\/cz\/wp-content\/uploads\/sites\/2\/2024\/10\/IMG_8564-200x133.jpeg 200w, https:\/\/www.vskk.cz\/cz\/wp-content\/uploads\/sites\/2\/2024\/10\/IMG_8564-1920x1280.jpeg 1920w, https:\/\/www.vskk.cz\/cz\/wp-content\/uploads\/sites\/2\/2024\/10\/IMG_8564-270x180.jpeg 270w, https:\/\/www.vskk.cz\/cz\/wp-content\/uploads\/sites\/2\/2024\/10\/IMG_8564-135x90.jpeg 135w, https:\/\/www.vskk.cz\/cz\/wp-content\/uploads\/sites\/2\/2024\/10\/IMG_8564-600x400.jpeg 600w\" sizes=\"(max-width: 608px) 100vw, 608px\" \/><\/p>\n","protected":false},"excerpt":{"rendered":"<p>Spole\u010densk\u00fd ve\u010der v&nbsp;N\u00e1chod\u011b ke stolet\u00e9mu v\u00fdro\u010d\u00ed narozen\u00ed Josefa \u0160kvoreck\u00e9ho a&hellip;<\/p>\n","protected":false},"author":27,"featured_media":17939,"parent":53,"menu_order":0,"comment_status":"closed","ping_status":"closed","template":"news.php","meta":{"_acf_changed":false,"episode_type":"","audio_file":"","podmotor_file_id":"","podmotor_episode_id":"","cover_image":"","cover_image_id":"","duration":"","filesize":"","filesize_raw":"","date_recorded":"","explicit":"","block":"","itunes_episode_number":"","itunes_title":"","itunes_season_number":"","itunes_episode_type":"","footnotes":""},"class_list":["post-17934","page","type-page","status-publish","has-post-thumbnail","hentry"],"acf":[],"yoast_head":"<!-- This site is optimized with the Yoast SEO plugin v27.3 - https:\/\/yoast.com\/product\/yoast-seo-wordpress\/ -->\n<title>V\u0160KK - Vysok\u00e1 \u0161kola kreativn\u00ed komunikace<\/title>\n<meta name=\"description\" content=\"V\u0160KK - Vysok\u00e1 \u0161kola kreativn\u00ed komunikace - Jedna \u0161kola, stovky p\u0159\u00edle\u017eitost\u00ed. Soukrom\u00e1 vysok\u00e1 \u0161kola v Praze\" \/>\n<meta name=\"robots\" content=\"index, follow, max-snippet:-1, max-image-preview:large, max-video-preview:-1\" \/>\n<link rel=\"canonical\" href=\"https:\/\/www.vskk.cz\/cz\/aktuality\/spolecensky-vecer-v-nachode-ke-stoletemu-vyroci-narozeni-josefa-skvoreckeho\/\" \/>\n<meta property=\"og:locale\" content=\"cs_CZ\" \/>\n<meta property=\"og:type\" content=\"article\" \/>\n<meta property=\"og:title\" content=\"V\u0160KK - Vysok\u00e1 \u0161kola kreativn\u00ed komunikace\" \/>\n<meta property=\"og:description\" content=\"V\u0160KK - Vysok\u00e1 \u0161kola kreativn\u00ed komunikace - Jedna \u0161kola, stovky p\u0159\u00edle\u017eitost\u00ed. Soukrom\u00e1 vysok\u00e1 \u0161kola v Praze\" \/>\n<meta property=\"og:url\" content=\"https:\/\/www.vskk.cz\/cz\/aktuality\/spolecensky-vecer-v-nachode-ke-stoletemu-vyroci-narozeni-josefa-skvoreckeho\/\" \/>\n<meta property=\"og:site_name\" content=\"Vysok\u00e1 \u0161kola kreativn\u00ed komunikace\" \/>\n<meta property=\"og:image\" content=\"https:\/\/www.vskk.cz\/cz\/wp-content\/uploads\/sites\/2\/2024\/10\/IMG_8562-scaled.jpeg\" \/>\n\t<meta property=\"og:image:width\" content=\"2048\" \/>\n\t<meta property=\"og:image:height\" content=\"1365\" \/>\n\t<meta property=\"og:image:type\" content=\"image\/jpeg\" \/>\n<meta name=\"twitter:card\" content=\"summary_large_image\" \/>\n<meta name=\"twitter:label1\" content=\"Odhadovan\u00e1 doba \u010dten\u00ed\" \/>\n\t<meta name=\"twitter:data1\" content=\"2 minuty\" \/>\n<script type=\"application\/ld+json\" class=\"yoast-schema-graph\">{\"@context\":\"https:\\\/\\\/schema.org\",\"@graph\":[{\"@type\":\"WebPage\",\"@id\":\"https:\\\/\\\/www.vskk.cz\\\/cz\\\/aktuality\\\/spolecensky-vecer-v-nachode-ke-stoletemu-vyroci-narozeni-josefa-skvoreckeho\\\/\",\"url\":\"https:\\\/\\\/www.vskk.cz\\\/cz\\\/aktuality\\\/spolecensky-vecer-v-nachode-ke-stoletemu-vyroci-narozeni-josefa-skvoreckeho\\\/\",\"name\":\"V\u0160KK - Vysok\u00e1 \u0161kola kreativn\u00ed komunikace\",\"isPartOf\":{\"@id\":\"https:\\\/\\\/www.vskk.cz\\\/cz\\\/#website\"},\"primaryImageOfPage\":{\"@id\":\"https:\\\/\\\/www.vskk.cz\\\/cz\\\/aktuality\\\/spolecensky-vecer-v-nachode-ke-stoletemu-vyroci-narozeni-josefa-skvoreckeho\\\/#primaryimage\"},\"image\":{\"@id\":\"https:\\\/\\\/www.vskk.cz\\\/cz\\\/aktuality\\\/spolecensky-vecer-v-nachode-ke-stoletemu-vyroci-narozeni-josefa-skvoreckeho\\\/#primaryimage\"},\"thumbnailUrl\":\"https:\\\/\\\/www.vskk.cz\\\/cz\\\/wp-content\\\/uploads\\\/sites\\\/2\\\/2024\\\/10\\\/IMG_8562-scaled.jpeg\",\"datePublished\":\"2024-10-02T13:08:12+00:00\",\"description\":\"V\u0160KK - Vysok\u00e1 \u0161kola kreativn\u00ed komunikace - Jedna \u0161kola, stovky p\u0159\u00edle\u017eitost\u00ed. Soukrom\u00e1 vysok\u00e1 \u0161kola v Praze\",\"breadcrumb\":{\"@id\":\"https:\\\/\\\/www.vskk.cz\\\/cz\\\/aktuality\\\/spolecensky-vecer-v-nachode-ke-stoletemu-vyroci-narozeni-josefa-skvoreckeho\\\/#breadcrumb\"},\"inLanguage\":\"cs\",\"potentialAction\":[{\"@type\":\"ReadAction\",\"target\":[\"https:\\\/\\\/www.vskk.cz\\\/cz\\\/aktuality\\\/spolecensky-vecer-v-nachode-ke-stoletemu-vyroci-narozeni-josefa-skvoreckeho\\\/\"]}]},{\"@type\":\"ImageObject\",\"inLanguage\":\"cs\",\"@id\":\"https:\\\/\\\/www.vskk.cz\\\/cz\\\/aktuality\\\/spolecensky-vecer-v-nachode-ke-stoletemu-vyroci-narozeni-josefa-skvoreckeho\\\/#primaryimage\",\"url\":\"https:\\\/\\\/www.vskk.cz\\\/cz\\\/wp-content\\\/uploads\\\/sites\\\/2\\\/2024\\\/10\\\/IMG_8562-scaled.jpeg\",\"contentUrl\":\"https:\\\/\\\/www.vskk.cz\\\/cz\\\/wp-content\\\/uploads\\\/sites\\\/2\\\/2024\\\/10\\\/IMG_8562-scaled.jpeg\",\"width\":2048,\"height\":1365},{\"@type\":\"BreadcrumbList\",\"@id\":\"https:\\\/\\\/www.vskk.cz\\\/cz\\\/aktuality\\\/spolecensky-vecer-v-nachode-ke-stoletemu-vyroci-narozeni-josefa-skvoreckeho\\\/#breadcrumb\",\"itemListElement\":[{\"@type\":\"ListItem\",\"position\":1,\"name\":\"Dom\u016f\",\"item\":\"https:\\\/\\\/www.vskk.cz\\\/cz\\\/\"},{\"@type\":\"ListItem\",\"position\":2,\"name\":\"Aktuality\",\"item\":\"https:\\\/\\\/www.vskk.cz\\\/cz\\\/aktuality\\\/\"},{\"@type\":\"ListItem\",\"position\":3,\"name\":\"Spole\u010densk\u00fd ve\u010der v N\u00e1chod\u011b ke stolet\u00e9mu v\u00fdro\u010d\u00ed narozen\u00ed Josefa \u0160kvoreck\u00e9ho\"}]},{\"@type\":\"WebSite\",\"@id\":\"https:\\\/\\\/www.vskk.cz\\\/cz\\\/#website\",\"url\":\"https:\\\/\\\/www.vskk.cz\\\/cz\\\/\",\"name\":\"Vysok\u00e1 \u0161kola kreativn\u00ed komunikace\",\"description\":\"\",\"potentialAction\":[{\"@type\":\"SearchAction\",\"target\":{\"@type\":\"EntryPoint\",\"urlTemplate\":\"https:\\\/\\\/www.vskk.cz\\\/cz\\\/?s={search_term_string}\"},\"query-input\":{\"@type\":\"PropertyValueSpecification\",\"valueRequired\":true,\"valueName\":\"search_term_string\"}}],\"inLanguage\":\"cs\"}]}<\/script>\n<!-- \/ Yoast SEO plugin. -->","yoast_head_json":{"title":"V\u0160KK - Vysok\u00e1 \u0161kola kreativn\u00ed komunikace","description":"V\u0160KK - Vysok\u00e1 \u0161kola kreativn\u00ed komunikace - Jedna \u0161kola, stovky p\u0159\u00edle\u017eitost\u00ed. Soukrom\u00e1 vysok\u00e1 \u0161kola v Praze","robots":{"index":"index","follow":"follow","max-snippet":"max-snippet:-1","max-image-preview":"max-image-preview:large","max-video-preview":"max-video-preview:-1"},"canonical":"https:\/\/www.vskk.cz\/cz\/aktuality\/spolecensky-vecer-v-nachode-ke-stoletemu-vyroci-narozeni-josefa-skvoreckeho\/","og_locale":"cs_CZ","og_type":"article","og_title":"V\u0160KK - Vysok\u00e1 \u0161kola kreativn\u00ed komunikace","og_description":"V\u0160KK - Vysok\u00e1 \u0161kola kreativn\u00ed komunikace - Jedna \u0161kola, stovky p\u0159\u00edle\u017eitost\u00ed. Soukrom\u00e1 vysok\u00e1 \u0161kola v Praze","og_url":"https:\/\/www.vskk.cz\/cz\/aktuality\/spolecensky-vecer-v-nachode-ke-stoletemu-vyroci-narozeni-josefa-skvoreckeho\/","og_site_name":"Vysok\u00e1 \u0161kola kreativn\u00ed komunikace","og_image":[{"width":2048,"height":1365,"url":"https:\/\/www.vskk.cz\/cz\/wp-content\/uploads\/sites\/2\/2024\/10\/IMG_8562-scaled.jpeg","type":"image\/jpeg"}],"twitter_card":"summary_large_image","twitter_misc":{"Odhadovan\u00e1 doba \u010dten\u00ed":"2 minuty"},"schema":{"@context":"https:\/\/schema.org","@graph":[{"@type":"WebPage","@id":"https:\/\/www.vskk.cz\/cz\/aktuality\/spolecensky-vecer-v-nachode-ke-stoletemu-vyroci-narozeni-josefa-skvoreckeho\/","url":"https:\/\/www.vskk.cz\/cz\/aktuality\/spolecensky-vecer-v-nachode-ke-stoletemu-vyroci-narozeni-josefa-skvoreckeho\/","name":"V\u0160KK - Vysok\u00e1 \u0161kola kreativn\u00ed komunikace","isPartOf":{"@id":"https:\/\/www.vskk.cz\/cz\/#website"},"primaryImageOfPage":{"@id":"https:\/\/www.vskk.cz\/cz\/aktuality\/spolecensky-vecer-v-nachode-ke-stoletemu-vyroci-narozeni-josefa-skvoreckeho\/#primaryimage"},"image":{"@id":"https:\/\/www.vskk.cz\/cz\/aktuality\/spolecensky-vecer-v-nachode-ke-stoletemu-vyroci-narozeni-josefa-skvoreckeho\/#primaryimage"},"thumbnailUrl":"https:\/\/www.vskk.cz\/cz\/wp-content\/uploads\/sites\/2\/2024\/10\/IMG_8562-scaled.jpeg","datePublished":"2024-10-02T13:08:12+00:00","description":"V\u0160KK - Vysok\u00e1 \u0161kola kreativn\u00ed komunikace - Jedna \u0161kola, stovky p\u0159\u00edle\u017eitost\u00ed. Soukrom\u00e1 vysok\u00e1 \u0161kola v Praze","breadcrumb":{"@id":"https:\/\/www.vskk.cz\/cz\/aktuality\/spolecensky-vecer-v-nachode-ke-stoletemu-vyroci-narozeni-josefa-skvoreckeho\/#breadcrumb"},"inLanguage":"cs","potentialAction":[{"@type":"ReadAction","target":["https:\/\/www.vskk.cz\/cz\/aktuality\/spolecensky-vecer-v-nachode-ke-stoletemu-vyroci-narozeni-josefa-skvoreckeho\/"]}]},{"@type":"ImageObject","inLanguage":"cs","@id":"https:\/\/www.vskk.cz\/cz\/aktuality\/spolecensky-vecer-v-nachode-ke-stoletemu-vyroci-narozeni-josefa-skvoreckeho\/#primaryimage","url":"https:\/\/www.vskk.cz\/cz\/wp-content\/uploads\/sites\/2\/2024\/10\/IMG_8562-scaled.jpeg","contentUrl":"https:\/\/www.vskk.cz\/cz\/wp-content\/uploads\/sites\/2\/2024\/10\/IMG_8562-scaled.jpeg","width":2048,"height":1365},{"@type":"BreadcrumbList","@id":"https:\/\/www.vskk.cz\/cz\/aktuality\/spolecensky-vecer-v-nachode-ke-stoletemu-vyroci-narozeni-josefa-skvoreckeho\/#breadcrumb","itemListElement":[{"@type":"ListItem","position":1,"name":"Dom\u016f","item":"https:\/\/www.vskk.cz\/cz\/"},{"@type":"ListItem","position":2,"name":"Aktuality","item":"https:\/\/www.vskk.cz\/cz\/aktuality\/"},{"@type":"ListItem","position":3,"name":"Spole\u010densk\u00fd ve\u010der v N\u00e1chod\u011b ke stolet\u00e9mu v\u00fdro\u010d\u00ed narozen\u00ed Josefa \u0160kvoreck\u00e9ho"}]},{"@type":"WebSite","@id":"https:\/\/www.vskk.cz\/cz\/#website","url":"https:\/\/www.vskk.cz\/cz\/","name":"Vysok\u00e1 \u0161kola kreativn\u00ed komunikace","description":"","potentialAction":[{"@type":"SearchAction","target":{"@type":"EntryPoint","urlTemplate":"https:\/\/www.vskk.cz\/cz\/?s={search_term_string}"},"query-input":{"@type":"PropertyValueSpecification","valueRequired":true,"valueName":"search_term_string"}}],"inLanguage":"cs"}]}},"_links":{"self":[{"href":"https:\/\/www.vskk.cz\/cz\/wp-json\/wp\/v2\/pages\/17934","targetHints":{"allow":["GET"]}}],"collection":[{"href":"https:\/\/www.vskk.cz\/cz\/wp-json\/wp\/v2\/pages"}],"about":[{"href":"https:\/\/www.vskk.cz\/cz\/wp-json\/wp\/v2\/types\/page"}],"author":[{"embeddable":true,"href":"https:\/\/www.vskk.cz\/cz\/wp-json\/wp\/v2\/users\/27"}],"replies":[{"embeddable":true,"href":"https:\/\/www.vskk.cz\/cz\/wp-json\/wp\/v2\/comments?post=17934"}],"version-history":[{"count":2,"href":"https:\/\/www.vskk.cz\/cz\/wp-json\/wp\/v2\/pages\/17934\/revisions"}],"predecessor-version":[{"id":17942,"href":"https:\/\/www.vskk.cz\/cz\/wp-json\/wp\/v2\/pages\/17934\/revisions\/17942"}],"up":[{"embeddable":true,"href":"https:\/\/www.vskk.cz\/cz\/wp-json\/wp\/v2\/pages\/53"}],"wp:featuredmedia":[{"embeddable":true,"href":"https:\/\/www.vskk.cz\/cz\/wp-json\/wp\/v2\/media\/17939"}],"wp:attachment":[{"href":"https:\/\/www.vskk.cz\/cz\/wp-json\/wp\/v2\/media?parent=17934"}],"curies":[{"name":"wp","href":"https:\/\/api.w.org\/{rel}","templated":true}]}}